{"id":2278,"date":"2025-07-21T01:38:29","date_gmt":"2025-07-21T01:38:29","guid":{"rendered":"https:\/\/uigglab.com.br\/fototeca\/?page_id=2278"},"modified":"2025-08-17T18:01:11","modified_gmt":"2025-08-17T18:01:11","slug":"historia-fototeca","status":"publish","type":"page","link":"https:\/\/uigglab.com.br\/fototeca\/historia-fototeca\/","title":{"rendered":"Hist\u00f3ria da Fototeca Potiguar"},"content":{"rendered":"\t\t<div data-elementor-type=\"wp-page\" data-elementor-id=\"2278\" class=\"elementor elementor-2278\">\n\t\t\t\t<div class=\"elementor-element elementor-element-b63fb9b e-flex e-con-boxed wpr-particle-no wpr-jarallax-no wpr-parallax-no wpr-sticky-section-no e-con e-parent\" data-id=\"b63fb9b\" data-element_type=\"container\" data-settings=\"{&quot;background_background&quot;:&quot;classic&quot;}\">\n\t\t\t\t\t<div class=\"e-con-inner\">\n\t\t<div class=\"elementor-element elementor-element-52bc439 e-con-full e-flex wpr-particle-no wpr-jarallax-no wpr-parallax-no wpr-sticky-section-no e-con e-child\" data-id=\"52bc439\" data-element_type=\"container\">\n\t\t\t\t<div class=\"elementor-element elementor-element-3ff5c5b elementor-widget elementor-widget-heading\" data-id=\"3ff5c5b\" data-element_type=\"widget\" data-widget_type=\"heading.default\">\n\t\t\t\t<div class=\"elementor-widget-container\">\n\t\t\t\t\t<p class=\"elementor-heading-title elementor-size-default\">Hist\u00f3ria da Fototeca Potiguar<\/p>\t\t\t\t<\/div>\n\t\t\t\t<\/div>\n\t\t\t\t<div class=\"elementor-element elementor-element-e180431 elementor-widget-divider--view-line elementor-widget elementor-widget-divider\" data-id=\"e180431\" data-element_type=\"widget\" data-widget_type=\"divider.default\">\n\t\t\t\t<div class=\"elementor-widget-container\">\n\t\t\t\t\t\t\t<div class=\"elementor-divider\">\n\t\t\t<span class=\"elementor-divider-separator\">\n\t\t\t\t\t\t<\/span>\n\t\t<\/div>\n\t\t\t\t\t\t<\/div>\n\t\t\t\t<\/div>\n\t\t\t\t<div class=\"elementor-element elementor-element-afa574e elementor-widget elementor-widget-text-editor\" data-id=\"afa574e\" data-element_type=\"widget\" data-widget_type=\"text-editor.default\">\n\t\t\t\t<div class=\"elementor-widget-container\">\n\t\t\t\t\t\t\t\t\t<article class=\"text-token-text-primary w-full\" dir=\"auto\" data-testid=\"conversation-turn-91\" data-scroll-anchor=\"true\"><div class=\"text-base my-auto mx-auto pb-10 [--thread-content-margin:--spacing(4)] @[37rem]:[--thread-content-margin:--spacing(6)] @[72rem]:[--thread-content-margin:--spacing(16)] px-(--thread-content-margin)\"><div class=\"[--thread-content-max-width:32rem] @[34rem]:[--thread-content-max-width:40rem] @[64rem]:[--thread-content-max-width:48rem] mx-auto flex max-w-(--thread-content-max-width) flex-1 text-base gap-4 md:gap-5 lg:gap-6 group\/turn-messages focus-visible:outline-hidden\" tabindex=\"-1\"><div class=\"group\/conversation-turn relative flex w-full min-w-0 flex-col agent-turn\"><div class=\"relative flex-col gap-1 md:gap-3\"><div class=\"flex max-w-full flex-col grow\"><div class=\"min-h-8 text-message relative flex w-full flex-col items-end gap-2 text-start break-words whitespace-normal [.text-message+&amp;]:mt-5\" dir=\"auto\" data-message-author-role=\"assistant\" data-message-id=\"e1580aa8-8955-4ccf-a665-08df9f144ec4\" data-message-model-slug=\"gpt-4o\"><div class=\"flex w-full flex-col gap-1 empty:hidden first:pt-[3px]\"><div class=\"markdown prose dark:prose-invert w-full break-words light\"><p><span style=\"font-weight: 400;\">A Fototeca Potiguar \u00e9 fruto de uma longa e coletiva caminhada. Aqui, voc\u00ea vai conhecer a trajet\u00f3ria que transformou um sonho em pol\u00edtica p\u00fablica: os marcos dessa luta, os desafios enfrentados, e \u2014 principalmente \u2014 as pessoas e institui\u00e7\u00f5es que uniram for\u00e7as para que a fotografia potiguar ganhasse o espa\u00e7o e o cuidado que merece. Mais do que preservar imagens, essa hist\u00f3ria celebra mem\u00f3ria, identidade e resist\u00eancia cultural. A cria\u00e7\u00e3o da Fototeca, institu\u00edda pela Lei n\u00ba 11.619\/2023, representa uma conquista hist\u00f3rica para o Rio Grande do Norte \u2014 e um novo cap\u00edtulo na valoriza\u00e7\u00e3o da nossa mem\u00f3ria visual.<\/span><\/p><\/div><\/div><\/div><\/div><\/div><\/div><\/div><\/div><\/article>\t\t\t\t\t\t\t\t<\/div>\n\t\t\t\t<\/div>\n\t\t\t\t<\/div>\n\t\t\t\t\t<\/div>\n\t\t\t\t<\/div>\n\t\t<div class=\"elementor-element elementor-element-43b70ee e-flex e-con-boxed wpr-particle-no wpr-jarallax-no wpr-parallax-no wpr-sticky-section-no e-con e-parent\" data-id=\"43b70ee\" data-element_type=\"container\">\n\t\t\t\t\t<div class=\"e-con-inner\">\n\t\t\t\t<div class=\"elementor-element elementor-element-918492a e-n-tabs-mobile elementor-widget elementor-widget-n-tabs\" data-id=\"918492a\" data-element_type=\"widget\" data-settings=\"{&quot;horizontal_scroll&quot;:&quot;disable&quot;}\" data-widget_type=\"nested-tabs.default\">\n\t\t\t\t<div class=\"elementor-widget-container\">\n\t\t\t\t\t\t\t<div class=\"e-n-tabs\" data-widget-number=\"152586538\" aria-label=\"Abas. Abra itens com &quot;Enter&quot; ou &quot;Espa\u00e7o&quot;, feche com &quot;Escape&quot; e navegue usando as teclas de &quot;Seta&quot;.\">\n\t\t\t<div class=\"e-n-tabs-heading\" role=\"tablist\">\n\t\t\t\t\t<button id=\"e-n-tab-title-1525865381\" class=\"e-n-tab-title\" aria-selected=\"true\" data-tab-index=\"1\" role=\"tab\" tabindex=\"0\" aria-controls=\"e-n-tab-content-1525865381\" style=\"--n-tabs-title-order: 1;\">\n\t\t\t\t\t\t<span class=\"e-n-tab-title-text\">\n\t\t\t\t2025\t\t\t<\/span>\n\t\t<\/button>\n\t\t\t\t<button id=\"e-n-tab-title-1525865382\" class=\"e-n-tab-title\" aria-selected=\"false\" data-tab-index=\"2\" role=\"tab\" tabindex=\"-1\" aria-controls=\"e-n-tab-content-1525865382\" style=\"--n-tabs-title-order: 2;\">\n\t\t\t\t\t\t<span class=\"e-n-tab-title-text\">\n\t\t\t\t2024\t\t\t<\/span>\n\t\t<\/button>\n\t\t\t\t<button id=\"e-n-tab-title-1525865383\" class=\"e-n-tab-title\" aria-selected=\"false\" data-tab-index=\"3\" role=\"tab\" tabindex=\"-1\" aria-controls=\"e-n-tab-content-1525865383\" style=\"--n-tabs-title-order: 3;\">\n\t\t\t\t\t\t<span class=\"e-n-tab-title-text\">\n\t\t\t\t2023\t\t\t<\/span>\n\t\t<\/button>\n\t\t\t\t\t<\/div>\n\t\t\t<div class=\"e-n-tabs-content\">\n\t\t\t\t<div id=\"e-n-tab-content-1525865381\" role=\"tabpanel\" aria-labelledby=\"e-n-tab-title-1525865381\" data-tab-index=\"1\" style=\"--n-tabs-title-order: 1;\" class=\"e-active elementor-element elementor-element-8bb7aa6 e-con-full e-flex wpr-particle-no wpr-jarallax-no wpr-parallax-no wpr-sticky-section-no e-con e-child\" data-id=\"8bb7aa6\" data-element_type=\"container\">\n\t\t<div class=\"elementor-element elementor-element-5d8a479 e-con-full e-flex wpr-particle-no wpr-jarallax-no wpr-parallax-no wpr-sticky-section-no e-con e-child\" data-id=\"5d8a479\" data-element_type=\"container\">\n\t\t\t\t<div class=\"elementor-element elementor-element-c42cfa5 wpr-advanced-accordion-icon-side-box elementor-widget elementor-widget-wpr-advanced-accordion\" data-id=\"c42cfa5\" data-element_type=\"widget\" data-settings=\"{&quot;active_item&quot;:1}\" data-widget_type=\"wpr-advanced-accordion.default\">\n\t\t\t\t<div class=\"elementor-widget-container\">\n\t\t\t\t\t\n            <div class=\"wpr-advanced-accordion\" data-accordion-type=\"accordion\" data-active-index=\"1\" data-accordion-trigger=\"click\" data-interaction-speed=\"0.4\">\n\n\t\t\t\n                \n\t\t\t\t\t<div class=\"wpr-accordion-item-wrap\">\n\t\t\t\t\t\t<button class=\"wpr-acc-button\">\n\t\t\t\t\t\t\t<span class=\"wpr-acc-item-title\">\n\t\t\t\t\t\t\t\t\t\t\t\t\t\t\t\t\t<div class=\"wpr-acc-icon-box\">\n\t\t\t\t\t\t\t\t\t\t\t\t\t\t<span class=\"wpr-title-icon\">\n\t\t\t\t\t\t\t\t\t<\/span>\n\t\t\t\t\t\t\t\t\t\t\t\t<\/div>\n\t\t\t\t\t\t\t\t\n\t\t\t\t\t\t\t\t<span class=\"wpr-acc-title-text\">Plen\u00e1ria Fototeca Potiguar<\/span>\n\t\t\t\t\t\t\t<\/span>\n\t\t\t\t\t\t\t\t\t\t\t<span class=\"wpr-toggle-icon wpr-ti-close\"><svg aria-hidden=\"true\" class=\"e-font-icon-svg e-fas-caret-down\" viewBox=\"0 0 320 512\" xmlns=\"http:\/\/www.w3.org\/2000\/svg\"><path d=\"M31.3 192h257.3c17.8 0 26.7 21.5 14.1 34.1L174.1 354.8c-7.8 7.8-20.5 7.8-28.3 0L17.2 226.1C4.6 213.5 13.5 192 31.3 192z\"><\/path><\/svg><\/span>\n\t\t\t\t<span class=\"wpr-toggle-icon wpr-ti-open\"><svg aria-hidden=\"true\" class=\"e-font-icon-svg e-fas-caret-up\" viewBox=\"0 0 320 512\" xmlns=\"http:\/\/www.w3.org\/2000\/svg\"><path d=\"M288.662 352H31.338c-17.818 0-26.741-21.543-14.142-34.142l128.662-128.662c7.81-7.81 20.474-7.81 28.284 0l128.662 128.662c12.6 12.599 3.676 34.142-14.142 34.142z\"><\/path><\/svg><\/span>\n\t\t\t\t\t\t\t\t\t<\/button>\n\n\t\t\t\t\t\t<div class=\"wpr-acc-panel\">\n\t\t\t\t\t\t\t\t\t\t\t\t\t\t\t<div class=\"wpr-acc-panel-content\"><div class=\"oKdM2c ZZyype Kzv0Me\"><div id=\"h.39d32d7d1cc419a8_70\" class=\"hJDwNd-AhqUyc-OwsYgb Ft7HRd-AhqUyc-OwsYgb jXK9ad D2fZ2 zu5uec OjCsFc dmUFtb\"><div class=\"jXK9ad-SmKAyb\"><div class=\"tyJCtd mGzaTb Depvyb baZpAe\"><p class=\"zfr3Q CDt4Ke \" dir=\"ltr\"><span class=\"C9DxTc \">A FOTOTECA POTIGUAR est\u00e1 virando uma realidade, O projeto foi promulgado pela governadora F\u00e1tima Bezerra em 6 de dezembro de 2023. Portanto, a Fototeca Potiguar j\u00e1 \u00e9 Lei 11.619\/2023. Em 2024 iniciamos com a SECULT e FJA a constru\u00e7\u00e3o de sua implanta\u00e7\u00e3o institucional e agora vamos iniciar uma fase fundamental, com a realiza\u00e7\u00e3o do Mapeamento da Fotografia Potiguar.<\/span><\/p><p dir=\"ltr\">\u00a0<\/p><p class=\"zfr3Q CDt4Ke \" dir=\"ltr\"><span class=\"C9DxTc \">Esta Plen\u00e1rio on-line do segmento da fotografia potiguar, \u00e9 um espa\u00e7o coletivo e democr\u00e1tico, aberto a todos os interessados, para apresenta\u00e7\u00e3o das propostas e encaminhamentos da Implanta\u00e7\u00e3o da Fototeca Potiguar e a realiza\u00e7\u00e3o do Mapeamento da Fotografia Potiguar e do I Semin\u00e1rio da Fototeca Potiguar.<\/span><\/p><p dir=\"ltr\">\u00a0<\/p><p class=\"zfr3Q CDt4Ke \" dir=\"ltr\"><span class=\"C9DxTc \">Pauta:<\/span><\/p><p class=\"zfr3Q CDt4Ke \" dir=\"ltr\"><span class=\"C9DxTc \">1 - Resgate Hist\u00f3rico da Luta pela Fototeca Potiguar;<\/span><\/p><p class=\"zfr3Q CDt4Ke \" dir=\"ltr\"><span class=\"C9DxTc \">2 - Proposta do Mapeamento da Fotografia Potiguar;<\/span><\/p><p class=\"zfr3Q CDt4Ke \" dir=\"ltr\"><span class=\"C9DxTc \">3 - Proposta do I Semin\u00e1rio da Fototeca Potiguar;<\/span><\/p><p class=\"zfr3Q CDt4Ke \" dir=\"ltr\"><span class=\"C9DxTc \">4 - Debates Institucionais na implanta\u00e7\u00e3o da Fototeca Potiguar;<\/span><\/p><p class=\"zfr3Q CDt4Ke \" dir=\"ltr\"><span class=\"C9DxTc \">5 - Encaminhamentos;<\/span><\/p><p dir=\"ltr\">\u00a0<\/p><p class=\"zfr3Q CDt4Ke \" dir=\"ltr\"><strong><span class=\"C9DxTc \">A Plen\u00e1ria ON-Line acontece atrav\u00e9s do Google Meet e ser\u00e1 transmitido ao vivo no <a href=\"https:\/\/youtu.be\/sKLkXzO2cX8\">Youtube<\/a>.<\/span><\/strong><\/p><\/div><\/div><\/div><\/div><div class=\"oKdM2c ZZyype\"><div id=\"h.2716e3ad584eaa6e_0\" class=\"hJDwNd-AhqUyc-OwsYgb Ft7HRd-AhqUyc-OwsYgb jXK9ad D2fZ2 zu5uec wHaque g5GTcb\"><div class=\"jXK9ad-SmKAyb\"><div class=\"tyJCtd OWlOyc baZpAe\"><div><div class=\"WIdY2d M1aSXe\"><div>\u00a0<\/div><\/div><\/div><div><strong>Link das Not\u00edcias:<\/strong><\/div><ul><li><a href=\"https:\/\/drive.google.com\/file\/d\/1G5hhPgXGVk_fiCdIcPa0iWku9y7a09Lo\/view\">Coletivo da fotografia potiguar realiza plen\u00e1ria virtual nesta quinta (17) para discutir implanta\u00e7\u00e3o da Fototeca<\/a><\/li><li><a href=\"https:\/\/drive.google.com\/file\/d\/1yGvpfza0wQ2xUlMlhDLapUSDRBw7m9s2\/view\">FOTOTECA POTIGUAR: UMA CONQUISTA COLETIVA QUE SEGUE GANHANDO FOCO E LUZ<\/a><\/li><li><a href=\"https:\/\/drive.google.com\/file\/d\/1mIgjSyLMkrpy1r5UfG-oL3EldJrVGt36\/view\">Fototeca Potiguar realiza plen\u00e1ria on-line nesta quinta (17) com participa\u00e7\u00e3o aberta<\/a><\/li><li><a href=\"https:\/\/drive.google.com\/file\/d\/1vILlsOYrSpA9jihZ4FDbEn-Eu4n4ZHjo\/view\">Projeto para Fototeca Potiguar tem os primeiros passos da implanta\u00e7\u00e3o<\/a><\/li><li><a href=\"https:\/\/drive.google.com\/file\/d\/15W0YBq_MtIwBEPvJS94e_E88nXKg0491\/view\">Fototeca potiguar promove plen\u00e1ria on-line nesta quinta (17) com fot\u00f3grafos do RN<\/a><\/li><li><a href=\"https:\/\/drive.google.com\/file\/d\/1NenEhnYbYQ9P1BBmos1ucVkARy8d3BSu\/view\">Fototeca Potiguar: plen\u00e1ria nesta quinta vai ouvir propostas e alinhar pr\u00f3ximos passos<\/a><\/li><li><a href=\"https:\/\/drive.google.com\/file\/d\/1AL_Ic-lIJptr4UhQI1fdLFJfADCUYeIb\/view\">Instagram<\/a><\/li><\/ul><\/div><div>\u00a0<\/div><\/div><\/div><\/div><\/div>\n\t\t\t\t\t\t\t\t\t\t\t\t\t<\/div>\n                    <\/div>\n\n                \n\t\t\t\t\t<div class=\"wpr-accordion-item-wrap\">\n\t\t\t\t\t\t<button class=\"wpr-acc-button\">\n\t\t\t\t\t\t\t<span class=\"wpr-acc-item-title\">\n\t\t\t\t\t\t\t\t\t\t\t\t\t\t\t\t\t<div class=\"wpr-acc-icon-box\">\n\t\t\t\t\t\t\t\t\t\t\t\t\t\t<span class=\"wpr-title-icon\">\n\t\t\t\t\t\t\t\t\t<\/span>\n\t\t\t\t\t\t\t\t\t\t\t\t<\/div>\n\t\t\t\t\t\t\t\t\n\t\t\t\t\t\t\t\t<span class=\"wpr-acc-title-text\">Mapeamento da Fotografia Potiguar<\/span>\n\t\t\t\t\t\t\t<\/span>\n\t\t\t\t\t\t\t\t\t\t\t<span class=\"wpr-toggle-icon wpr-ti-close\"><svg aria-hidden=\"true\" class=\"e-font-icon-svg e-fas-caret-down\" viewBox=\"0 0 320 512\" xmlns=\"http:\/\/www.w3.org\/2000\/svg\"><path d=\"M31.3 192h257.3c17.8 0 26.7 21.5 14.1 34.1L174.1 354.8c-7.8 7.8-20.5 7.8-28.3 0L17.2 226.1C4.6 213.5 13.5 192 31.3 192z\"><\/path><\/svg><\/span>\n\t\t\t\t<span class=\"wpr-toggle-icon wpr-ti-open\"><svg aria-hidden=\"true\" class=\"e-font-icon-svg e-fas-caret-up\" viewBox=\"0 0 320 512\" xmlns=\"http:\/\/www.w3.org\/2000\/svg\"><path d=\"M288.662 352H31.338c-17.818 0-26.741-21.543-14.142-34.142l128.662-128.662c7.81-7.81 20.474-7.81 28.284 0l128.662 128.662c12.6 12.599 3.676 34.142-14.142 34.142z\"><\/path><\/svg><\/span>\n\t\t\t\t\t\t\t\t\t<\/button>\n\n\t\t\t\t\t\t<div class=\"wpr-acc-panel\">\n\t\t\t\t\t\t\t\t\t\t\t\t\t\t\t<div class=\"wpr-acc-panel-content\"><section id=\"h.44d935d388f68575_60\" class=\"yaqOZd\"><div class=\"mYVXT\"><div class=\"LS81yb VICjCf j5pSsc db35Fc chg4Jd\" tabindex=\"-1\"><div class=\"hJDwNd-AhqUyc-uQSCkd Ft7HRd-AhqUyc-uQSCkd purZT-AhqUyc-II5mzb ZcASvf-AhqUyc-II5mzb pSzOP-AhqUyc-qWD73c Ktthjf-AhqUyc-qWD73c JNdkSc SQVYQc\"><div class=\"JNdkSc-SmKAyb LkDMRd\"><div class=\"\"><div class=\"oKdM2c ZZyype Kzv0Me\"><div id=\"h.44d935d388f68575_57\" class=\"hJDwNd-AhqUyc-uQSCkd Ft7HRd-AhqUyc-uQSCkd jXK9ad D2fZ2 zu5uec OjCsFc dmUFtb wHaque g5GTcb\"><div class=\"jXK9ad-SmKAyb\"><div class=\"tyJCtd mGzaTb Depvyb baZpAe\"><p class=\"zfr3Q CDt4Ke \" dir=\"ltr\"><strong><span class=\"C9DxTc \">Realiza\u00e7\u00e3o do Mapeamento da Fotografia Potiguar e do Semin\u00e1rio Fototeca Potiguar<\/span><\/strong><\/p><p class=\"zfr3Q CDt4Ke \" dir=\"ltr\"><span class=\"C9DxTc \"><br \/>Este projeto viabiliza o mapeamento da fotografia potiguar, identificando seus realizadores, seus acervos, sua hist\u00f3ria, reunindo dados sobre este segmento da economia criativa e dando subs\u00eddios t\u00e9cnicos para a pol\u00edtica p\u00fablica de implanta\u00e7\u00e3o e regulamenta\u00e7\u00e3o desta lei pelo Governo do RN. Constru\u00e7\u00e3o de uma plataforma para o Mapeamento e campanha de divulga\u00e7\u00e3o e visita t\u00e9cnica aos munic\u00edpios do RN. O Semin\u00e1rio Fototeca Potiguar se constitui num espa\u00e7o democr\u00e1tico de debate com o segmento da fotografia potiguar e convidados e especialistas, apresentando a proposta de Implanta\u00e7\u00e3o da Fototeca e Mapeamento da Fotografia.<\/span><\/p><\/div><\/div><\/div><\/div><\/div><\/div><\/div><\/div><\/div><\/section><section id=\"h.44d935d388f68575_45\" class=\"yaqOZd\"><div class=\"IFuOkc\">\u00a0<\/div><div class=\"mYVXT\"><div class=\"LS81yb VICjCf j5pSsc db35Fc\" tabindex=\"-1\"><div class=\"hJDwNd-AhqUyc-uQSCkd Ft7HRd-AhqUyc-uQSCkd purZT-AhqUyc-II5mzb ZcASvf-AhqUyc-II5mzb pSzOP-AhqUyc-qWD73c Ktthjf-AhqUyc-qWD73c JNdkSc SQVYQc\"><div class=\"JNdkSc-SmKAyb LkDMRd\"><div class=\"\"><div class=\"oKdM2c ZZyype Kzv0Me\"><div id=\"h.44d935d388f68575_42\" class=\"hJDwNd-AhqUyc-uQSCkd Ft7HRd-AhqUyc-uQSCkd jXK9ad D2fZ2 zu5uec OjCsFc dmUFtb wHaque g5GTcb\"><div class=\"jXK9ad-SmKAyb\"><div class=\"tyJCtd mGzaTb Depvyb baZpAe\"><p class=\"zfr3Q CDt4Ke \" dir=\"ltr\"><span class=\"C9DxTc \">Os recursos das emendas parlamentares do Deputado Federal Fernando Mineiro e da Deputada Estadual Divaneide Bas\u00edlio, que totalizam R$ 110.000,00 (cento e dez mil reais), ser\u00e3o administrados pela FUNCERN e ser\u00e3o revertidos na realiza\u00e7\u00e3o de um Semin\u00e1rio para discutir de forma mais ampla junto \u00e0 sociedade civil, o projeto da Fototeca Potiguar e tamb\u00e9m para o Mapeamento da Fotografia Potiguar, que se constitui em uma plataforma eletr\u00f4nica com informa\u00e7\u00f5es sobre a fotografia do Estado: profissionais antigos e recentes, levantamento de acervos e a dimens\u00e3o do impacto da fotografia na economia criativa potiguar, feita com visitas aos munic\u00edpios e campanha de divulga\u00e7\u00e3o.\u00a0<\/span><\/p><p><img fetchpriority=\"high\" decoding=\"async\" class=\" wp-image-2492\" src=\"https:\/\/uigglab.com.br\/fototeca\/wp-content\/uploads\/2025\/07\/fototeca-2025-300x98.jpg\" alt=\"fototeca-2025\" width=\"1421\" height=\"465\" srcset=\"https:\/\/uigglab.com.br\/fototeca\/wp-content\/uploads\/2025\/07\/fototeca-2025-300x98.jpg 300w, https:\/\/uigglab.com.br\/fototeca\/wp-content\/uploads\/2025\/07\/fototeca-2025-1024x336.jpg 1024w, https:\/\/uigglab.com.br\/fototeca\/wp-content\/uploads\/2025\/07\/fototeca-2025-768x252.jpg 768w, https:\/\/uigglab.com.br\/fototeca\/wp-content\/uploads\/2025\/07\/fototeca-2025-205x67.jpg 205w, https:\/\/uigglab.com.br\/fototeca\/wp-content\/uploads\/2025\/07\/fototeca-2025-480x157.jpg 480w, https:\/\/uigglab.com.br\/fototeca\/wp-content\/uploads\/2025\/07\/fototeca-2025.jpg 1086w\" sizes=\"(max-width: 1421px) 100vw, 1421px\" \/><\/p><p class=\"zfr3Q CDt4Ke \" dir=\"ltr\"><strong><span class=\"C9DxTc \">Projeto de Utiliza\u00e7\u00e3o das Emendas Parlamentares (2024\/2025);<\/span><\/strong><\/p><p class=\"zfr3Q CDt4Ke \" dir=\"ltr\"><span class=\"C9DxTc \">Emendas Parlamentares administradas pela FUNCERN.<\/span><\/p><p class=\"zfr3Q CDt4Ke \" dir=\"ltr\"><span class=\"C9DxTc \">Deputada Estadual Divaneide Bas\u00edlio \u2013 Valor estimado R$ 50.000,00 (cinquenta mil reais);<\/span><\/p><p class=\"zfr3Q CDt4Ke \" dir=\"ltr\"><span class=\"C9DxTc \">Deputado Federal Fernando Mineiro \u2013 Valor Empenhado R$ 60.000,00 (sessenta mil reais);<\/span><\/p><\/div><\/div><p dir=\"ltr\"><img decoding=\"async\" class=\" wp-image-2502\" src=\"https:\/\/uigglab.com.br\/fototeca\/wp-content\/uploads\/2025\/07\/visaogeral-mapeamento-fototeca-300x178.png\" alt=\"visaogeral-mapeamento-fototeca\" width=\"1443\" height=\"856\" srcset=\"https:\/\/uigglab.com.br\/fototeca\/wp-content\/uploads\/2025\/07\/visaogeral-mapeamento-fototeca-300x178.png 300w, https:\/\/uigglab.com.br\/fototeca\/wp-content\/uploads\/2025\/07\/visaogeral-mapeamento-fototeca-1024x606.png 1024w, https:\/\/uigglab.com.br\/fototeca\/wp-content\/uploads\/2025\/07\/visaogeral-mapeamento-fototeca-768x455.png 768w, https:\/\/uigglab.com.br\/fototeca\/wp-content\/uploads\/2025\/07\/visaogeral-mapeamento-fototeca-205x121.png 205w, https:\/\/uigglab.com.br\/fototeca\/wp-content\/uploads\/2025\/07\/visaogeral-mapeamento-fototeca-480x284.png 480w, https:\/\/uigglab.com.br\/fototeca\/wp-content\/uploads\/2025\/07\/visaogeral-mapeamento-fototeca.png 1280w\" sizes=\"(max-width: 1443px) 100vw, 1443px\" \/><br \/><br \/><img decoding=\"async\" class=\" wp-image-2503\" src=\"https:\/\/uigglab.com.br\/fototeca\/wp-content\/uploads\/2025\/07\/IMG-20250509-WA0055-300x169.jpg\" alt=\"fasesdomapeamento\" width=\"1471\" height=\"828\" srcset=\"https:\/\/uigglab.com.br\/fototeca\/wp-content\/uploads\/2025\/07\/IMG-20250509-WA0055-300x169.jpg 300w, https:\/\/uigglab.com.br\/fototeca\/wp-content\/uploads\/2025\/07\/IMG-20250509-WA0055-1024x576.jpg 1024w, https:\/\/uigglab.com.br\/fototeca\/wp-content\/uploads\/2025\/07\/IMG-20250509-WA0055-768x432.jpg 768w, https:\/\/uigglab.com.br\/fototeca\/wp-content\/uploads\/2025\/07\/IMG-20250509-WA0055-205x115.jpg 205w, https:\/\/uigglab.com.br\/fototeca\/wp-content\/uploads\/2025\/07\/IMG-20250509-WA0055-480x270.jpg 480w, https:\/\/uigglab.com.br\/fototeca\/wp-content\/uploads\/2025\/07\/IMG-20250509-WA0055.jpg 1280w\" sizes=\"(max-width: 1471px) 100vw, 1471px\" \/><\/p><p class=\"zfr3Q CDt4Ke \" dir=\"ltr\"><span class=\"C9DxTc \">Em reuni\u00e3o com a Secret\u00e1ria Estadual de Cultura Maryland Brito, na sexta 11 de abril de 2025, foram tra\u00e7ados os pr\u00f3ximos passos na Implant\u00e7\u00e3o da Fototeca Potiguar, com a apresenta\u00e7\u00e3o e aprova\u00e7\u00e3o da proposta de Mapeamento da Fotografia Potiguar em 2025 (com recursos de Emendas parlamentares) e a busca de recursos junto a outros parceiros. Para isso estaremos realizando:\u00a0<\/span><\/p><ul class=\"n8H08c UVNKR \"><li class=\"zfr3Q TYR86d eD0Rn \" dir=\"ltr\"><p class=\"zfr3Q CDt4Ke \" dir=\"ltr\" role=\"presentation\"><span class=\"C9DxTc \">Plen\u00e1ria do segmento da Fotografia (Reuni\u00e3o Ampliada) para apresenta\u00e7\u00e3o detalhada da proposta;<\/span><\/p><\/li><li class=\"zfr3Q TYR86d eD0Rn \" dir=\"ltr\"><p class=\"zfr3Q CDt4Ke \" dir=\"ltr\" role=\"presentation\"><span class=\"C9DxTc \">Nomea\u00e7\u00e3o Comiss\u00e3o de Mapeamento (decreto da Secretaria com nomes do Governo e da Sociedade Civil);<\/span><\/p><\/li><li class=\"zfr3Q TYR86d eD0Rn \" dir=\"ltr\"><p class=\"zfr3Q CDt4Ke \" dir=\"ltr\" role=\"presentation\"><span class=\"C9DxTc \">Editais para o segmento da Fotografia na PNAB 2025 (aquisi\u00e7\u00e3o de fotolivros e Acervo Digital para a Fototeca);<\/span><\/p><\/li><li class=\"zfr3Q TYR86d eD0Rn \" dir=\"ltr\"><p class=\"zfr3Q CDt4Ke \" dir=\"ltr\" role=\"presentation\"><span class=\"C9DxTc \">Reforma da Biblioteca C\u00e2mara Cascudo para abrigar a Fototeca Potiguar;<\/span><\/p><\/li><li class=\"zfr3Q TYR86d eD0Rn \" dir=\"ltr\"><p class=\"zfr3Q CDt4Ke \" dir=\"ltr\" role=\"presentation\"><span class=\"C9DxTc \">Instala\u00e7\u00e3o de Internet Banda Larga na Biblioteca;<\/span><\/p><\/li><li class=\"zfr3Q TYR86d eD0Rn \" dir=\"ltr\"><p class=\"zfr3Q CDt4Ke \" dir=\"ltr\" role=\"presentation\"><span class=\"C9DxTc \">Busca de espa\u00e7o na Nuvem para abrigar acervo da Fototeca (UFRN, UERN, IFRN etc);<\/span><\/p><\/li><li class=\"zfr3Q TYR86d eD0Rn \" dir=\"ltr\"><p class=\"zfr3Q CDt4Ke \" dir=\"ltr\" role=\"presentation\"><span class=\"C9DxTc \">Constru\u00e7\u00e3o da Identidade Visual e site da Fototeca Potiguar;<\/span><\/p><\/li><li class=\"zfr3Q TYR86d eD0Rn \" dir=\"ltr\"><p class=\"zfr3Q CDt4Ke \" dir=\"ltr\" role=\"presentation\"><span class=\"C9DxTc \">Constru\u00e7\u00e3o do Question\u00e1rio e plataforma do Mapeamento;<\/span><\/p><\/li><li class=\"zfr3Q TYR86d eD0Rn \" dir=\"ltr\"><p class=\"zfr3Q CDt4Ke \" dir=\"ltr\" role=\"presentation\"><span class=\"C9DxTc \">Articula\u00e7\u00e3o com as Casa de Cultura, UFRN, SEBRAE, UERN e Prefeituras para o Mapeamento;<\/span><\/p><\/li><li class=\"zfr3Q TYR86d eD0Rn \" dir=\"ltr\"><p class=\"zfr3Q CDt4Ke \" dir=\"ltr\" role=\"presentation\"><span class=\"C9DxTc \">Semin\u00e1rio para lan\u00e7amento do Mapeamento - Evento P\u00fablico;<\/span><\/p><\/li><\/ul><h4>Link da Not\u00edcia:<\/h4><p><a href=\"https:\/\/drive.google.com\/file\/d\/1D7Ji3ebjhsGiM3cxJbEg3MT9E32t_LBZ\/view\">Projeto revolucion\u00e1rio da Fototeca Potiguar tem in\u00edcio nesta sexta<\/a><\/p><p>\u00a0<img loading=\"lazy\" decoding=\"async\" class=\"alignnone wp-image-2510\" src=\"https:\/\/uigglab.com.br\/fototeca\/wp-content\/uploads\/2025\/07\/fototeca-movimento-3-300x128.jpg\" alt=\"\" width=\"1397\" height=\"596\" srcset=\"https:\/\/uigglab.com.br\/fototeca\/wp-content\/uploads\/2025\/07\/fototeca-movimento-3-300x128.jpg 300w, https:\/\/uigglab.com.br\/fototeca\/wp-content\/uploads\/2025\/07\/fototeca-movimento-3-205x87.jpg 205w, https:\/\/uigglab.com.br\/fototeca\/wp-content\/uploads\/2025\/07\/fototeca-movimento-3-480x204.jpg 480w\" sizes=\"(max-width: 1397px) 100vw, 1397px\" \/><\/p><p><img loading=\"lazy\" decoding=\"async\" class=\"alignnone wp-image-2511\" src=\"https:\/\/uigglab.com.br\/fototeca\/wp-content\/uploads\/2025\/07\/fototeca-movimento-2-300x195.jpg\" alt=\"\" width=\"1403\" height=\"913\" srcset=\"https:\/\/uigglab.com.br\/fototeca\/wp-content\/uploads\/2025\/07\/fototeca-movimento-2-300x195.jpg 300w, https:\/\/uigglab.com.br\/fototeca\/wp-content\/uploads\/2025\/07\/fototeca-movimento-2-1024x665.jpg 1024w, https:\/\/uigglab.com.br\/fototeca\/wp-content\/uploads\/2025\/07\/fototeca-movimento-2-768x499.jpg 768w, https:\/\/uigglab.com.br\/fototeca\/wp-content\/uploads\/2025\/07\/fototeca-movimento-2-205x133.jpg 205w, https:\/\/uigglab.com.br\/fototeca\/wp-content\/uploads\/2025\/07\/fototeca-movimento-2-480x312.jpg 480w\" sizes=\"(max-width: 1403px) 100vw, 1403px\" \/><\/p><p><img loading=\"lazy\" decoding=\"async\" class=\"wp-image-2512 alignnone\" src=\"https:\/\/uigglab.com.br\/fototeca\/wp-content\/uploads\/2025\/07\/fototeca-movimento-1-300x195.jpg\" alt=\"\" width=\"1405\" height=\"913\" srcset=\"https:\/\/uigglab.com.br\/fototeca\/wp-content\/uploads\/2025\/07\/fototeca-movimento-1-300x195.jpg 300w, https:\/\/uigglab.com.br\/fototeca\/wp-content\/uploads\/2025\/07\/fototeca-movimento-1-1024x665.jpg 1024w, https:\/\/uigglab.com.br\/fototeca\/wp-content\/uploads\/2025\/07\/fototeca-movimento-1-768x499.jpg 768w, https:\/\/uigglab.com.br\/fototeca\/wp-content\/uploads\/2025\/07\/fototeca-movimento-1-205x133.jpg 205w, https:\/\/uigglab.com.br\/fototeca\/wp-content\/uploads\/2025\/07\/fototeca-movimento-1-480x312.jpg 480w, https:\/\/uigglab.com.br\/fototeca\/wp-content\/uploads\/2025\/07\/fototeca-movimento-1.jpg 1280w\" sizes=\"(max-width: 1405px) 100vw, 1405px\" \/><\/p><p><img loading=\"lazy\" decoding=\"async\" class=\"alignnone wp-image-2509\" src=\"https:\/\/uigglab.com.br\/fototeca\/wp-content\/uploads\/2025\/07\/fototeca-movimento-4-219x300.jpg\" alt=\"\" width=\"1407\" height=\"1927\" srcset=\"https:\/\/uigglab.com.br\/fototeca\/wp-content\/uploads\/2025\/07\/fototeca-movimento-4-219x300.jpg 219w, https:\/\/uigglab.com.br\/fototeca\/wp-content\/uploads\/2025\/07\/fototeca-movimento-4-747x1024.jpg 747w, https:\/\/uigglab.com.br\/fototeca\/wp-content\/uploads\/2025\/07\/fototeca-movimento-4-768x1053.jpg 768w, https:\/\/uigglab.com.br\/fototeca\/wp-content\/uploads\/2025\/07\/fototeca-movimento-4-205x281.jpg 205w, https:\/\/uigglab.com.br\/fototeca\/wp-content\/uploads\/2025\/07\/fototeca-movimento-4-480x658.jpg 480w, https:\/\/uigglab.com.br\/fototeca\/wp-content\/uploads\/2025\/07\/fototeca-movimento-4.jpg 906w\" sizes=\"(max-width: 1407px) 100vw, 1407px\" \/><\/p><\/div><\/div><\/div><\/div><\/div><\/div><\/div><\/section><\/div>\n\t\t\t\t\t\t\t\t\t\t\t\t\t<\/div>\n                    <\/div>\n\n                            <\/div>\n        \t\t\t\t<\/div>\n\t\t\t\t<\/div>\n\t\t\t\t<\/div>\n\t\t\t\t<\/div>\n\t\t<div id=\"e-n-tab-content-1525865382\" role=\"tabpanel\" aria-labelledby=\"e-n-tab-title-1525865382\" data-tab-index=\"2\" style=\"--n-tabs-title-order: 2;\" class=\" elementor-element elementor-element-a8ae016 e-con-full e-flex wpr-particle-no wpr-jarallax-no wpr-parallax-no wpr-sticky-section-no e-con e-child\" data-id=\"a8ae016\" data-element_type=\"container\">\n\t\t<div class=\"elementor-element elementor-element-da583ea e-con-full e-flex wpr-particle-no wpr-jarallax-no wpr-parallax-no wpr-sticky-section-no e-con e-child\" data-id=\"da583ea\" data-element_type=\"container\">\n\t\t\t\t<div class=\"elementor-element elementor-element-c3b42aa wpr-advanced-accordion-icon-side-box elementor-widget elementor-widget-wpr-advanced-accordion\" data-id=\"c3b42aa\" data-element_type=\"widget\" data-settings=\"{&quot;active_item&quot;:1}\" data-widget_type=\"wpr-advanced-accordion.default\">\n\t\t\t\t<div class=\"elementor-widget-container\">\n\t\t\t\t\t\n            <div class=\"wpr-advanced-accordion\" data-accordion-type=\"accordion\" data-active-index=\"1\" data-accordion-trigger=\"click\" data-interaction-speed=\"0.4\">\n\n\t\t\t\n                \n\t\t\t\t\t<div class=\"wpr-accordion-item-wrap\">\n\t\t\t\t\t\t<button class=\"wpr-acc-button\">\n\t\t\t\t\t\t\t<span class=\"wpr-acc-item-title\">\n\t\t\t\t\t\t\t\t\t\t\t\t\t\t\t\t\t<div class=\"wpr-acc-icon-box\">\n\t\t\t\t\t\t\t\t\t\t\t\t\t\t<span class=\"wpr-title-icon\">\n\t\t\t\t\t\t\t\t\t<\/span>\n\t\t\t\t\t\t\t\t\t\t\t\t<\/div>\n\t\t\t\t\t\t\t\t\n\t\t\t\t\t\t\t\t<span class=\"wpr-acc-title-text\">Governo cria Grupo de Trabalho - GT  de Implanta\u00e7\u00e3o da FOTOTECA Potiguar<\/span>\n\t\t\t\t\t\t\t<\/span>\n\t\t\t\t\t\t\t\t\t\t\t<span class=\"wpr-toggle-icon wpr-ti-close\"><svg aria-hidden=\"true\" class=\"e-font-icon-svg e-fas-caret-down\" viewBox=\"0 0 320 512\" xmlns=\"http:\/\/www.w3.org\/2000\/svg\"><path d=\"M31.3 192h257.3c17.8 0 26.7 21.5 14.1 34.1L174.1 354.8c-7.8 7.8-20.5 7.8-28.3 0L17.2 226.1C4.6 213.5 13.5 192 31.3 192z\"><\/path><\/svg><\/span>\n\t\t\t\t<span class=\"wpr-toggle-icon wpr-ti-open\"><svg aria-hidden=\"true\" class=\"e-font-icon-svg e-fas-caret-up\" viewBox=\"0 0 320 512\" xmlns=\"http:\/\/www.w3.org\/2000\/svg\"><path d=\"M288.662 352H31.338c-17.818 0-26.741-21.543-14.142-34.142l128.662-128.662c7.81-7.81 20.474-7.81 28.284 0l128.662 128.662c12.6 12.599 3.676 34.142-14.142 34.142z\"><\/path><\/svg><\/span>\n\t\t\t\t\t\t\t\t\t<\/button>\n\n\t\t\t\t\t\t<div class=\"wpr-acc-panel\">\n\t\t\t\t\t\t\t\t\t\t\t\t\t\t\t<div class=\"wpr-acc-panel-content\"><section id=\"h.44d935d388f68575_60\" class=\"yaqOZd\"><div class=\"mYVXT\"><div class=\"LS81yb VICjCf j5pSsc db35Fc\" tabindex=\"-1\"><div class=\"hJDwNd-AhqUyc-uQSCkd Ft7HRd-AhqUyc-uQSCkd purZT-AhqUyc-II5mzb ZcASvf-AhqUyc-II5mzb pSzOP-AhqUyc-qWD73c Ktthjf-AhqUyc-qWD73c JNdkSc SQVYQc\"><div class=\"JNdkSc-SmKAyb LkDMRd\"><div class=\"\"><div class=\"oKdM2c ZZyype Kzv0Me\"><div id=\"h.44d935d388f68575_57\" class=\"hJDwNd-AhqUyc-uQSCkd Ft7HRd-AhqUyc-uQSCkd jXK9ad D2fZ2 zu5uec OjCsFc dmUFtb wHaque g5GTcb\"><div class=\"jXK9ad-SmKAyb\"><div class=\"tyJCtd mGzaTb Depvyb baZpAe\">\u00a0<\/div><\/div><\/div><\/div><\/div><\/div><\/div><\/div><\/div><\/section><section id=\"h.44d935d388f68575_45\" class=\"yaqOZd\"><div class=\"mYVXT\"><div class=\"LS81yb VICjCf j5pSsc db35Fc\" tabindex=\"-1\"><div class=\"hJDwNd-AhqUyc-uQSCkd Ft7HRd-AhqUyc-uQSCkd purZT-AhqUyc-II5mzb ZcASvf-AhqUyc-II5mzb pSzOP-AhqUyc-qWD73c Ktthjf-AhqUyc-qWD73c JNdkSc SQVYQc\"><div class=\"JNdkSc-SmKAyb LkDMRd\"><div class=\"\"><div class=\"oKdM2c ZZyype Kzv0Me\"><div id=\"h.44d935d388f68575_42\" class=\"hJDwNd-AhqUyc-uQSCkd Ft7HRd-AhqUyc-uQSCkd jXK9ad D2fZ2 zu5uec OjCsFc dmUFtb wHaque g5GTcb\"><div class=\"jXK9ad-SmKAyb\"><div class=\"tyJCtd mGzaTb Depvyb baZpAe\"><p><a href=\"https:\/\/drive.google.com\/file\/d\/1Ei8Dg8bBY2Kly5lYd2c1BnxjxvFMMUNf\/view\">Reuni\u00e3o FOTOTECA POTIGUAR com Mayland Brito Secret\u00e1ria de Cultura do RN<\/a><\/p><p><a href=\"https:\/\/drive.google.com\/file\/d\/1Ei8Dg8bBY2Kly5lYd2c1BnxjxvFMMUNf\/view\">Nomea\u00e7\u00e3o GT Fototeca<\/a><\/p><p dir=\"ltr\">\u00a0<\/p><\/div><\/div><\/div><\/div><\/div><\/div><\/div><\/div><\/div><\/section><\/div>\n\t\t\t\t\t\t\t\t\t\t\t\t\t<\/div>\n                    <\/div>\n\n                \n\t\t\t\t\t<div class=\"wpr-accordion-item-wrap\">\n\t\t\t\t\t\t<button class=\"wpr-acc-button\">\n\t\t\t\t\t\t\t<span class=\"wpr-acc-item-title\">\n\t\t\t\t\t\t\t\t\t\t\t\t\t\t\t\t\t<div class=\"wpr-acc-icon-box\">\n\t\t\t\t\t\t\t\t\t\t\t\t\t\t<span class=\"wpr-title-icon\">\n\t\t\t\t\t\t\t\t\t<\/span>\n\t\t\t\t\t\t\t\t\t\t\t\t<\/div>\n\t\t\t\t\t\t\t\t\n\t\t\t\t\t\t\t\t<span class=\"wpr-acc-title-text\">Grupo de Trabalho - GT Apresenta proposta de Decreto   que Regulamenta Implanta\u00e7\u00e3o da FOTOTECA Potiguar<\/span>\n\t\t\t\t\t\t\t<\/span>\n\t\t\t\t\t\t\t\t\t\t\t<span class=\"wpr-toggle-icon wpr-ti-close\"><svg aria-hidden=\"true\" class=\"e-font-icon-svg e-fas-caret-down\" viewBox=\"0 0 320 512\" xmlns=\"http:\/\/www.w3.org\/2000\/svg\"><path d=\"M31.3 192h257.3c17.8 0 26.7 21.5 14.1 34.1L174.1 354.8c-7.8 7.8-20.5 7.8-28.3 0L17.2 226.1C4.6 213.5 13.5 192 31.3 192z\"><\/path><\/svg><\/span>\n\t\t\t\t<span class=\"wpr-toggle-icon wpr-ti-open\"><svg aria-hidden=\"true\" class=\"e-font-icon-svg e-fas-caret-up\" viewBox=\"0 0 320 512\" xmlns=\"http:\/\/www.w3.org\/2000\/svg\"><path d=\"M288.662 352H31.338c-17.818 0-26.741-21.543-14.142-34.142l128.662-128.662c7.81-7.81 20.474-7.81 28.284 0l128.662 128.662c12.6 12.599 3.676 34.142-14.142 34.142z\"><\/path><\/svg><\/span>\n\t\t\t\t\t\t\t\t\t<\/button>\n\n\t\t\t\t\t\t<div class=\"wpr-acc-panel\">\n\t\t\t\t\t\t\t\t\t\t\t\t\t\t\t<div class=\"wpr-acc-panel-content\"><p class=\"zfr3Q CDt4Ke \" dir=\"ltr\"><a href=\"https:\/\/drive.google.com\/file\/d\/1wjSwMxPT1P5iZAaBpLfgdxSCx7AlLP_n\/view\">RECOMENDA\u00c7\u00d5ES GT IMPLANTA\u00c7\u00c3O da FOTOTECA POTIGUAR 2024<\/a><\/p><p dir=\"ltr\"><img loading=\"lazy\" decoding=\"async\" class=\"alignnone  wp-image-2538\" src=\"https:\/\/uigglab.com.br\/fototeca\/wp-content\/uploads\/2025\/07\/SAVE_20240819_214326-300x176.jpg\" alt=\"\" width=\"1386\" height=\"813\" srcset=\"https:\/\/uigglab.com.br\/fototeca\/wp-content\/uploads\/2025\/07\/SAVE_20240819_214326-300x176.jpg 300w, https:\/\/uigglab.com.br\/fototeca\/wp-content\/uploads\/2025\/07\/SAVE_20240819_214326-1024x602.jpg 1024w, https:\/\/uigglab.com.br\/fototeca\/wp-content\/uploads\/2025\/07\/SAVE_20240819_214326-205x121.jpg 205w, https:\/\/uigglab.com.br\/fototeca\/wp-content\/uploads\/2025\/07\/SAVE_20240819_214326-480x282.jpg 480w\" sizes=\"(max-width: 1386px) 100vw, 1386px\" \/><\/p><\/div>\n\t\t\t\t\t\t\t\t\t\t\t\t\t<\/div>\n                    <\/div>\n\n                \n\t\t\t\t\t<div class=\"wpr-accordion-item-wrap\">\n\t\t\t\t\t\t<button class=\"wpr-acc-button\">\n\t\t\t\t\t\t\t<span class=\"wpr-acc-item-title\">\n\t\t\t\t\t\t\t\t\t\t\t\t\t\t\t\t\t<div class=\"wpr-acc-icon-box\">\n\t\t\t\t\t\t\t\t\t\t\t\t\t\t<span class=\"wpr-title-icon\">\n\t\t\t\t\t\t\t\t\t<\/span>\n\t\t\t\t\t\t\t\t\t\t\t\t<\/div>\n\t\t\t\t\t\t\t\t\n\t\t\t\t\t\t\t\t<span class=\"wpr-acc-title-text\">Palestra apresenta proposta da FOTOTECA Potiguar  em comemora\u00e7\u00e3o ao Dia Mundial da Fotografia<\/span>\n\t\t\t\t\t\t\t<\/span>\n\t\t\t\t\t\t\t\t\t\t\t<span class=\"wpr-toggle-icon wpr-ti-close\"><svg aria-hidden=\"true\" class=\"e-font-icon-svg e-fas-caret-down\" viewBox=\"0 0 320 512\" xmlns=\"http:\/\/www.w3.org\/2000\/svg\"><path d=\"M31.3 192h257.3c17.8 0 26.7 21.5 14.1 34.1L174.1 354.8c-7.8 7.8-20.5 7.8-28.3 0L17.2 226.1C4.6 213.5 13.5 192 31.3 192z\"><\/path><\/svg><\/span>\n\t\t\t\t<span class=\"wpr-toggle-icon wpr-ti-open\"><svg aria-hidden=\"true\" class=\"e-font-icon-svg e-fas-caret-up\" viewBox=\"0 0 320 512\" xmlns=\"http:\/\/www.w3.org\/2000\/svg\"><path d=\"M288.662 352H31.338c-17.818 0-26.741-21.543-14.142-34.142l128.662-128.662c7.81-7.81 20.474-7.81 28.284 0l128.662 128.662c12.6 12.599 3.676 34.142-14.142 34.142z\"><\/path><\/svg><\/span>\n\t\t\t\t\t\t\t\t\t<\/button>\n\n\t\t\t\t\t\t<div class=\"wpr-acc-panel\">\n\t\t\t\t\t\t\t\t\t\t\t\t\t\t\t<div class=\"wpr-acc-panel-content\"><p><a href=\"https:\/\/drive.google.com\/file\/d\/1GVLSF-tSAmetIXiEo5CFFfZK2qaHx2_0\/view\">PALESTRA FOTOTECA Potiguar<\/a><br \/><a href=\"https:\/\/drive.google.com\/file\/d\/1v_8UIHcAsUnSj05oG52am7hwI7Z42KCI\/view\">Dia Mundial da Fotografia tem programa\u00e7\u00e3o especial no Parque da Cidade<\/a><br \/><a href=\"https:\/\/drive.google.com\/file\/d\/13oB0rDVBTIhV9O5X5DagG7H0GSHaflSf\/view\">Coletivos de foto celebram o Dia Mundial da Fotografia em Natal<\/a><br \/><a href=\"https:\/\/drive.google.com\/file\/d\/1VtH1eh_keEUeuX1frdhs3NM9z8yFQy3p\/view\">Foto Clube de Natal e Coletivo da Foto celebram o Dia Mundial da Fotografia com Programa\u00e7\u00e3o Especial<\/a><br \/><a href=\"https:\/\/drive.google.com\/file\/d\/1wKTMGJWSEsfPNZezXPLkCMAhcYlP49Gl\/view\">Foto Clube de Natal e o Coletivo da Foto promovem atividades culturais para o Dia Mundial da Fotografia em Natal<\/a><\/p><\/div>\n\t\t\t\t\t\t\t\t\t\t\t\t\t<\/div>\n                    <\/div>\n\n                            <\/div>\n        \t\t\t\t<\/div>\n\t\t\t\t<\/div>\n\t\t\t\t<\/div>\n\t\t\t\t<\/div>\n\t\t<div id=\"e-n-tab-content-1525865383\" role=\"tabpanel\" aria-labelledby=\"e-n-tab-title-1525865383\" data-tab-index=\"3\" style=\"--n-tabs-title-order: 3;\" class=\" elementor-element elementor-element-4f87f4d e-con-full e-flex wpr-particle-no wpr-jarallax-no wpr-parallax-no wpr-sticky-section-no e-con e-child\" data-id=\"4f87f4d\" data-element_type=\"container\">\n\t\t<div class=\"elementor-element elementor-element-eb82866 e-con-full e-flex wpr-particle-no wpr-jarallax-no wpr-parallax-no wpr-sticky-section-no e-con e-child\" data-id=\"eb82866\" data-element_type=\"container\">\n\t\t\t\t<div class=\"elementor-element elementor-element-b777a48 wpr-advanced-accordion-icon-side-box elementor-widget elementor-widget-wpr-advanced-accordion\" data-id=\"b777a48\" data-element_type=\"widget\" data-settings=\"{&quot;active_item&quot;:1}\" data-widget_type=\"wpr-advanced-accordion.default\">\n\t\t\t\t<div class=\"elementor-widget-container\">\n\t\t\t\t\t\n            <div class=\"wpr-advanced-accordion\" data-accordion-type=\"accordion\" data-active-index=\"1\" data-accordion-trigger=\"click\" data-interaction-speed=\"0.4\">\n\n\t\t\t\n                \n\t\t\t\t\t<div class=\"wpr-accordion-item-wrap\">\n\t\t\t\t\t\t<button class=\"wpr-acc-button\">\n\t\t\t\t\t\t\t<span class=\"wpr-acc-item-title\">\n\t\t\t\t\t\t\t\t\t\t\t\t\t\t\t\t\t<div class=\"wpr-acc-icon-box\">\n\t\t\t\t\t\t\t\t\t\t\t\t\t\t<span class=\"wpr-title-icon\">\n\t\t\t\t\t\t\t\t\t<\/span>\n\t\t\t\t\t\t\t\t\t\t\t\t<\/div>\n\t\t\t\t\t\t\t\t\n\t\t\t\t\t\t\t\t<span class=\"wpr-acc-title-text\">Projeto Lei Fototeca Potiguar 24_08_2023<\/span>\n\t\t\t\t\t\t\t<\/span>\n\t\t\t\t\t\t\t\t\t\t\t<span class=\"wpr-toggle-icon wpr-ti-close\"><svg aria-hidden=\"true\" class=\"e-font-icon-svg e-fas-caret-down\" viewBox=\"0 0 320 512\" xmlns=\"http:\/\/www.w3.org\/2000\/svg\"><path d=\"M31.3 192h257.3c17.8 0 26.7 21.5 14.1 34.1L174.1 354.8c-7.8 7.8-20.5 7.8-28.3 0L17.2 226.1C4.6 213.5 13.5 192 31.3 192z\"><\/path><\/svg><\/span>\n\t\t\t\t<span class=\"wpr-toggle-icon wpr-ti-open\"><svg aria-hidden=\"true\" class=\"e-font-icon-svg e-fas-caret-up\" viewBox=\"0 0 320 512\" xmlns=\"http:\/\/www.w3.org\/2000\/svg\"><path d=\"M288.662 352H31.338c-17.818 0-26.741-21.543-14.142-34.142l128.662-128.662c7.81-7.81 20.474-7.81 28.284 0l128.662 128.662c12.6 12.599 3.676 34.142-14.142 34.142z\"><\/path><\/svg><\/span>\n\t\t\t\t\t\t\t\t\t<\/button>\n\n\t\t\t\t\t\t<div class=\"wpr-acc-panel\">\n\t\t\t\t\t\t\t\t\t\t\t\t\t\t\t<div class=\"wpr-acc-panel-content\"><section id=\"h.74a4925787fd3153_3\" class=\"yaqOZd lQAHbd\"><div class=\"mYVXT\"><div class=\"LS81yb VICjCf j5pSsc db35Fc\" tabindex=\"-1\"><div class=\"hJDwNd-AhqUyc-uQSCkd Ft7HRd-AhqUyc-uQSCkd purZT-AhqUyc-II5mzb ZcASvf-AhqUyc-II5mzb pSzOP-AhqUyc-qWD73c Ktthjf-AhqUyc-qWD73c JNdkSc SQVYQc\"><div class=\"JNdkSc-SmKAyb LkDMRd\"><div class=\"\"><div class=\"oKdM2c ZZyype Kzv0Me\"><div id=\"h.74a4925787fd3153_0\" class=\"hJDwNd-AhqUyc-uQSCkd Ft7HRd-AhqUyc-uQSCkd jXK9ad D2fZ2 zu5uec OjCsFc dmUFtb wHaque g5GTcb\"><div class=\"jXK9ad-SmKAyb\"><div class=\"tyJCtd mGzaTb Depvyb baZpAe\"><p class=\"zfr3Q CDt4Ke \" dir=\"ltr\"><span class=\"C9DxTc \">A proposta da FOTOTECA POTIGUAR \u00e9 uma reivindica\u00e7\u00e3o antiga do movimento da fotografia no RN, sendo um passo fundamental de fortalecimento e constru\u00e7\u00e3o coletiva. Provocada pelo Coletivo daFOTO!, a Deputada Estadual Divaneide Bas\u00edlio (PT), encaminhou o Projeto de Lei 321\/2023 que tramitou e foi aprovado nas Comiss\u00f5es e Plen\u00e1rio da Assembleia Legislativa do RN, aprovado por unanimidade em 09 de novembro de 2023. A\u00a0 aprova\u00e7\u00e3o do PL foi um primeiro passo, que mobilizou todo o segmento da fotografia no estado, que se articulou com um abaixo assinado com mais de 230 assinaturas, reuni\u00f5es, plen\u00e1rias, Grupos de Trabalho e uma Audi\u00eancia P\u00fablica na Assembleia Legislativa que aconteceu em 06 de dezembro de 2023, construindo o debate no segmento para a consolida\u00e7\u00e3o deste Projeto de Implanta\u00e7\u00e3o da FOTOTECA POTIGUAR. Promulgada pela Governadora F\u00e1tima Bezerra em 06 de dezembro de 2023, a FOTOTECA POTIGUAR, foi institu\u00edda pela Lei 11.619\/2023, sendo um marco na preserva\u00e7\u00e3o da hist\u00f3ria e da mem\u00f3ria do povo do Rio Grande do Norte e do nordeste brasileiro.<\/span><\/p><p dir=\"ltr\">\u00a0<\/p><p class=\"zfr3Q CDt4Ke \" dir=\"ltr\"><strong><span class=\"C9DxTc \">14 de agosto de 2023<\/span><\/strong><\/p><p class=\"zfr3Q CDt4Ke \" dir=\"ltr\"><span class=\"C9DxTc \">Rio Grande do Norte - Poder Legislativo<\/span><\/p><p class=\"zfr3Q CDt4Ke \" dir=\"ltr\"><span class=\"C9DxTc \">Gabinete da Deputada Divaneide Bas\u00edlio \u2013 PT\/RN<\/span><\/p><p class=\"zfr3Q CDt4Ke \" dir=\"ltr\"><a class=\"XqQF9c\" href=\"mailto:mandato.diva@gmail.com\" target=\"_blank\" rel=\"noopener\"><span class=\"C9DxTc aw5Odc \">mandato.diva@gmail.com<\/span><\/a><\/p><p dir=\"ltr\">\u00a0<\/p><p class=\"zfr3Q CDt4Ke \" dir=\"ltr\"><strong><span class=\"C9DxTc \">PROJETO DE LEI\u00a0<\/span><\/strong><\/p><p class=\"zfr3Q CDt4Ke \" dir=\"ltr\"><span class=\"C9DxTc \">Institui a cria\u00e7\u00e3o da Fototeca do Estado do Rio<\/span><\/p><p class=\"zfr3Q CDt4Ke \" dir=\"ltr\"><span class=\"C9DxTc \">Grande do Norte - Fototeca Potiguar<\/span><\/p><p class=\"zfr3Q CDt4Ke \" dir=\"ltr\"><span class=\"C9DxTc \">Arquivo PDF<\/span><\/p><p dir=\"ltr\"><a href=\"https:\/\/drive.google.com\/file\/d\/1DIdxvgRnkiZxYtnuJ5mL4KH8ye0CWY2d\/view\">Projeto Lei Fototeca Potiguar 24_08_2023<\/a><\/p><p dir=\"ltr\">\u00a0<\/p><p class=\"zfr3Q CDt4Ke \" dir=\"ltr\"><strong><span class=\"C9DxTc \">Fototeca Potiguar: Deputada do PT sugere cria\u00e7\u00e3o de espa\u00e7o para valorizar imagens fotogr\u00e1ficas no RN<\/span><\/strong><\/p><p class=\"zfr3Q CDt4Ke \" dir=\"ltr\"><span class=\"C9DxTc \">Ag\u00eancia Saiba Mais - Rafael Duarte de 30 de agosto de 2023<\/span><\/p><p dir=\"ltr\"><a href=\"https:\/\/drive.google.com\/file\/d\/14rwMCLY_RQlcFO8rH5nvApkm6UqngDFA\/view\">Fototeca Potiguar: Deputada do PT sugere cria\u00e7\u00e3o de espa\u00e7o para valorizar imagens fotogr\u00e1ficas no RN<\/a><\/p><p dir=\"ltr\">\u00a0<\/p><div id=\"title\" class=\"style-scope ytd-watch-metadata\"><h5 class=\"style-scope ytd-watch-metadata\"><a href=\"https:\/\/www.youtube.com\/watch?v=xuRmkqo0E5o\">Fototeca RN - Pronunciamento Divaneide na Assembl\u00e9ia Legislativa do RN<\/a><\/h5><\/div><div id=\"top-row\" class=\"style-scope ytd-watch-metadata\"><div id=\"owner\" class=\"item style-scope ytd-watch-metadata\">\u00a0<\/div><\/div><\/div><\/div><\/div><\/div><\/div><\/div><\/div><\/div><\/div><\/section><section id=\"h.74a4925787fd3153_60\" class=\"yaqOZd\"><\/section><\/div>\n\t\t\t\t\t\t\t\t\t\t\t\t\t<\/div>\n                    <\/div>\n\n                \n\t\t\t\t\t<div class=\"wpr-accordion-item-wrap\">\n\t\t\t\t\t\t<button class=\"wpr-acc-button\">\n\t\t\t\t\t\t\t<span class=\"wpr-acc-item-title\">\n\t\t\t\t\t\t\t\t\t\t\t\t\t\t\t\t\t<div class=\"wpr-acc-icon-box\">\n\t\t\t\t\t\t\t\t\t\t\t\t\t\t<span class=\"wpr-title-icon\">\n\t\t\t\t\t\t\t\t\t<\/span>\n\t\t\t\t\t\t\t\t\t\t\t\t<\/div>\n\t\t\t\t\t\t\t\t\n\t\t\t\t\t\t\t\t<span class=\"wpr-acc-title-text\">Segmento da Fotografia faz encontro com os Parlamentares   Divaneide Bas\u00edlio e Fernando Mineiro para construir   Pol\u00edticas P\u00fablicas e a Fototeca Potiguar.<\/span>\n\t\t\t\t\t\t\t<\/span>\n\t\t\t\t\t\t\t\t\t\t\t<span class=\"wpr-toggle-icon wpr-ti-close\"><svg aria-hidden=\"true\" class=\"e-font-icon-svg e-fas-caret-down\" viewBox=\"0 0 320 512\" xmlns=\"http:\/\/www.w3.org\/2000\/svg\"><path d=\"M31.3 192h257.3c17.8 0 26.7 21.5 14.1 34.1L174.1 354.8c-7.8 7.8-20.5 7.8-28.3 0L17.2 226.1C4.6 213.5 13.5 192 31.3 192z\"><\/path><\/svg><\/span>\n\t\t\t\t<span class=\"wpr-toggle-icon wpr-ti-open\"><svg aria-hidden=\"true\" class=\"e-font-icon-svg e-fas-caret-up\" viewBox=\"0 0 320 512\" xmlns=\"http:\/\/www.w3.org\/2000\/svg\"><path d=\"M288.662 352H31.338c-17.818 0-26.741-21.543-14.142-34.142l128.662-128.662c7.81-7.81 20.474-7.81 28.284 0l128.662 128.662c12.6 12.599 3.676 34.142-14.142 34.142z\"><\/path><\/svg><\/span>\n\t\t\t\t\t\t\t\t\t<\/button>\n\n\t\t\t\t\t\t<div class=\"wpr-acc-panel\">\n\t\t\t\t\t\t\t\t\t\t\t\t\t\t\t<div class=\"wpr-acc-panel-content\"><div id=\"title\" class=\"style-scope ytd-watch-metadata\"><ul><li class=\"style-scope ytd-watch-metadata\"><a href=\"https:\/\/www.youtube.com\/watch?v=ZRpO3OFDhWU\">Assembleia - Fototeca Potiguar<\/a><\/li><li id=\"title\" class=\"style-scope ytd-watch-metadata\"><p class=\"style-scope ytd-watch-metadata\"><a href=\"https:\/\/www.youtube.com\/watch?v=mX3mDRntpCo\">Caf\u00e9 com Diva - Fotografia e a Mem\u00f3ria Potiguar<\/a><\/p><\/li><li class=\"style-scope ytd-watch-metadata\"><p class=\"style-scope ytd-watch-metadata\"><a href=\"https:\/\/drive.google.com\/file\/d\/1Ga58NedE1sX5zQNVSXPSWrtrV7nBNpTJ\/view\">FOTOTECA Potiguar apresenta\u00e7\u00e3o Assembleia 11_09_2023.pdf<\/a><\/p><\/li><li class=\"style-scope ytd-watch-metadata\"><p class=\"style-scope ytd-watch-metadata\"><a href=\"https:\/\/drive.google.com\/file\/d\/1unQrWnZ-EL6R2LK7MMDwpBbV_JfkHF4g\/view\"><span id=\"title\">ABAIXO ASSINADO do Segmento da Fotografia pela Aprova\u00e7\u00e3o e Implanta\u00e7\u00e3o do PL 321_2023.pdf<\/span><\/a><\/p><\/li><li class=\"style-scope ytd-watch-metadata\"><p class=\"style-scope ytd-watch-metadata\"><span id=\"title\"><\/span><a href=\"https:\/\/drive.google.com\/file\/d\/1xsx5Vu3jLdeAdXJLIFddbDaWi452xF81\/view\">RN vai ganhar uma Fototeca potiguar, Papo Cultura - S\u00e9rgio Vilar 21\/09\/2023<\/a><\/p><\/li><li class=\"style-scope ytd-watch-metadata\"><p class=\"style-scope ytd-watch-metadata\"><a href=\"https:\/\/www.youtube.com\/watch?v=PG6NZ_awjjA\">Fototeca Potiguar Reuni\u00f5es de Comiss\u00f5es ALRN<\/a><\/p><\/li><li class=\"style-scope ytd-watch-metadata\"><p class=\"style-scope ytd-watch-metadata\"><a href=\"https:\/\/www.youtube.com\/watch?v=n6iADrTdd6w\">Assembleia Legislativa RN aprova Lei 321\/23 FOTOTECA Potiguar<\/a><\/p><\/li><li class=\"style-scope ytd-watch-metadata\"><p class=\"style-scope ytd-watch-metadata\"><a href=\"https:\/\/drive.google.com\/drive\/u\/0\/folders\/1cCpKPPBWNgjYkLsulTWleSV2s2PxaEV6\">Imprensa Fototeca Potiguar<\/a><\/p><\/li><\/ul><\/div><div id=\"top-row\" class=\"style-scope ytd-watch-metadata\"><div><p><img loading=\"lazy\" decoding=\"async\" class=\"alignnone size-medium wp-image-2561\" src=\"https:\/\/uigglab.com.br\/fototeca\/wp-content\/uploads\/2025\/07\/Untitled-1-300x158.jpg\" alt=\"\" width=\"300\" height=\"158\" srcset=\"https:\/\/uigglab.com.br\/fototeca\/wp-content\/uploads\/2025\/07\/Untitled-1-300x158.jpg 300w, https:\/\/uigglab.com.br\/fototeca\/wp-content\/uploads\/2025\/07\/Untitled-1-1024x538.jpg 1024w, https:\/\/uigglab.com.br\/fototeca\/wp-content\/uploads\/2025\/07\/Untitled-1-768x403.jpg 768w, https:\/\/uigglab.com.br\/fototeca\/wp-content\/uploads\/2025\/07\/Untitled-1-205x108.jpg 205w, https:\/\/uigglab.com.br\/fototeca\/wp-content\/uploads\/2025\/07\/Untitled-1-480x252.jpg 480w, https:\/\/uigglab.com.br\/fototeca\/wp-content\/uploads\/2025\/07\/Untitled-1.jpg 1280w\" sizes=\"(max-width: 300px) 100vw, 300px\" \/><\/p><\/div><div id=\"owner\" class=\"item style-scope ytd-watch-metadata\"><div id=\"center\"><div id=\"content\">\u00a0<\/div><\/div><\/div><\/div><\/div>\n\t\t\t\t\t\t\t\t\t\t\t\t\t<\/div>\n                    <\/div>\n\n                \n\t\t\t\t\t<div class=\"wpr-accordion-item-wrap\">\n\t\t\t\t\t\t<button class=\"wpr-acc-button\">\n\t\t\t\t\t\t\t<span class=\"wpr-acc-item-title\">\n\t\t\t\t\t\t\t\t\t\t\t\t\t\t\t\t\t<div class=\"wpr-acc-icon-box\">\n\t\t\t\t\t\t\t\t\t\t\t\t\t\t<span class=\"wpr-title-icon\">\n\t\t\t\t\t\t\t\t\t<\/span>\n\t\t\t\t\t\t\t\t\t\t\t\t<\/div>\n\t\t\t\t\t\t\t\t\n\t\t\t\t\t\t\t\t<span class=\"wpr-acc-title-text\">Audi\u00eancia P\u00fablica na Assembl\u00e9ia Legislativa do RN  discute FOTOTECA Potiguar<\/span>\n\t\t\t\t\t\t\t<\/span>\n\t\t\t\t\t\t\t\t\t\t\t<span class=\"wpr-toggle-icon wpr-ti-close\"><svg aria-hidden=\"true\" class=\"e-font-icon-svg e-fas-caret-down\" viewBox=\"0 0 320 512\" xmlns=\"http:\/\/www.w3.org\/2000\/svg\"><path d=\"M31.3 192h257.3c17.8 0 26.7 21.5 14.1 34.1L174.1 354.8c-7.8 7.8-20.5 7.8-28.3 0L17.2 226.1C4.6 213.5 13.5 192 31.3 192z\"><\/path><\/svg><\/span>\n\t\t\t\t<span class=\"wpr-toggle-icon wpr-ti-open\"><svg aria-hidden=\"true\" class=\"e-font-icon-svg e-fas-caret-up\" viewBox=\"0 0 320 512\" xmlns=\"http:\/\/www.w3.org\/2000\/svg\"><path d=\"M288.662 352H31.338c-17.818 0-26.741-21.543-14.142-34.142l128.662-128.662c7.81-7.81 20.474-7.81 28.284 0l128.662 128.662c12.6 12.599 3.676 34.142-14.142 34.142z\"><\/path><\/svg><\/span>\n\t\t\t\t\t\t\t\t\t<\/button>\n\n\t\t\t\t\t\t<div class=\"wpr-acc-panel\">\n\t\t\t\t\t\t\t\t\t\t\t\t\t\t\t<div class=\"wpr-acc-panel-content\"><div id=\"title\" class=\"style-scope ytd-watch-metadata\"><p class=\"style-scope ytd-watch-metadata\"><a href=\"https:\/\/www.youtube.com\/watch?v=NFY-M0_Tu_w\">Audi\u00eancia P\u00fablica na Assembleia Legislativa do RN para debater a implanta\u00e7\u00e3o da Fototeca Potiguar<\/a><\/p><p><a href=\"https:\/\/drive.google.com\/file\/d\/1YDyDpU3QtUJ1H45sUHKZTzUbWPs2OOkF\/view\">Apresenta\u00e7\u00e3o FOTOTECA Potiguar Aud_Publi_assembleia 06_12_2023<\/a><\/p><p class=\"zfr3Q CDt4Ke \" dir=\"ltr\"><a href=\"https:\/\/drive.google.com\/file\/d\/1xFszYnv49lZSRq3oQ20edPPKhFkfOmyi\/view\"><span class=\"C9DxTc \">Cria\u00e7\u00e3o da Fototeca Potiguar e sua import\u00e2ncia ser\u00e3o temas de audi\u00eancia, <\/span><span class=\"C9DxTc \">Assembleia Legislativa do Rio Grande do Norte<\/span><span class=\"C9DxTc \">\u00a0de\u00a0<\/span><span class=\"C9DxTc \">05<\/span><span class=\"C9DxTc \">\u00a0de\u00a0<\/span><span class=\"C9DxTc \">dezembro<\/span><span class=\"C9DxTc \">\u00a0de 2023<\/span><\/a><\/p><p><a href=\"https:\/\/drive.google.com\/file\/d\/1shFXyBVLqqt1E9_qYM02X9spShvwwrry\/view\">Audi\u00eancia discute a\u00e7\u00f5es para cria\u00e7\u00e3o de Fototeca Potiguar, Assembleia Legislativa do Rio Grande do Norte de 06 de dezembro de 2023<\/a><\/p><\/div><div id=\"top-row\" class=\"style-scope ytd-watch-metadata\"><div id=\"owner\" class=\"item style-scope ytd-watch-metadata\">\u00a0<\/div><\/div><\/div>\n\t\t\t\t\t\t\t\t\t\t\t\t\t<\/div>\n                    <\/div>\n\n                \n\t\t\t\t\t<div class=\"wpr-accordion-item-wrap\">\n\t\t\t\t\t\t<button class=\"wpr-acc-button\">\n\t\t\t\t\t\t\t<span class=\"wpr-acc-item-title\">\n\t\t\t\t\t\t\t\t\t\t\t\t\t\t\t\t\t<div class=\"wpr-acc-icon-box\">\n\t\t\t\t\t\t\t\t\t\t\t\t\t\t<span class=\"wpr-title-icon\">\n\t\t\t\t\t\t\t\t\t<\/span>\n\t\t\t\t\t\t\t\t\t\t\t\t<\/div>\n\t\t\t\t\t\t\t\t\n\t\t\t\t\t\t\t\t<span class=\"wpr-acc-title-text\">GOVERNADORA F\u00c1TIMA BEZERRA SANCIONA   LEI n\u00ba 11.619\/2023 - FOTOTECA POTIGUAR<\/span>\n\t\t\t\t\t\t\t<\/span>\n\t\t\t\t\t\t\t\t\t\t\t<span class=\"wpr-toggle-icon wpr-ti-close\"><svg aria-hidden=\"true\" class=\"e-font-icon-svg e-fas-caret-down\" viewBox=\"0 0 320 512\" xmlns=\"http:\/\/www.w3.org\/2000\/svg\"><path d=\"M31.3 192h257.3c17.8 0 26.7 21.5 14.1 34.1L174.1 354.8c-7.8 7.8-20.5 7.8-28.3 0L17.2 226.1C4.6 213.5 13.5 192 31.3 192z\"><\/path><\/svg><\/span>\n\t\t\t\t<span class=\"wpr-toggle-icon wpr-ti-open\"><svg aria-hidden=\"true\" class=\"e-font-icon-svg e-fas-caret-up\" viewBox=\"0 0 320 512\" xmlns=\"http:\/\/www.w3.org\/2000\/svg\"><path d=\"M288.662 352H31.338c-17.818 0-26.741-21.543-14.142-34.142l128.662-128.662c7.81-7.81 20.474-7.81 28.284 0l128.662 128.662c12.6 12.599 3.676 34.142-14.142 34.142z\"><\/path><\/svg><\/span>\n\t\t\t\t\t\t\t\t\t<\/button>\n\n\t\t\t\t\t\t<div class=\"wpr-acc-panel\">\n\t\t\t\t\t\t\t\t\t\t\t\t\t\t\t<div class=\"wpr-acc-panel-content\"><p><a href=\"https:\/\/drive.google.com\/file\/d\/1kURKHRJuQOqfptHHHG_tz0lgW0YleKV5\/view\">Sancao Lei Fototeca 07_12_2023.pdf<\/a><\/p><p class=\"zfr3Q CDt4Ke \" dir=\"ltr\"><a href=\"https:\/\/drive.google.com\/file\/d\/1ti3Nvjl1c2iC9G8hzRM1ucMI8Ua-tfgc\/view\"><span class=\"C9DxTc \">Fototeca Potiguar agora \u00e9 lei: projeto foi sancionado no RN, <\/span><span class=\"C9DxTc \">Ag\u00eancia Saiba Mais - Jana S\u00e1 de 10 de dezembro de 2023<\/span><\/a><\/p><\/div>\n\t\t\t\t\t\t\t\t\t\t\t\t\t<\/div>\n                    <\/div>\n\n                \n\t\t\t\t\t<div class=\"wpr-accordion-item-wrap\">\n\t\t\t\t\t\t<button class=\"wpr-acc-button\">\n\t\t\t\t\t\t\t<span class=\"wpr-acc-item-title\">\n\t\t\t\t\t\t\t\t\t\t\t\t\t\t\t\t\t<div class=\"wpr-acc-icon-box\">\n\t\t\t\t\t\t\t\t\t\t\t\t\t\t<span class=\"wpr-title-icon\">\n\t\t\t\t\t\t\t\t\t<\/span>\n\t\t\t\t\t\t\t\t\t\t\t\t<\/div>\n\t\t\t\t\t\t\t\t\n\t\t\t\t\t\t\t\t<span class=\"wpr-acc-title-text\">Um panorama da Constru\u00e7\u00e3o de Fototecas pelo Brasil<\/span>\n\t\t\t\t\t\t\t<\/span>\n\t\t\t\t\t\t\t\t\t\t\t<span class=\"wpr-toggle-icon wpr-ti-close\"><svg aria-hidden=\"true\" class=\"e-font-icon-svg e-fas-caret-down\" viewBox=\"0 0 320 512\" xmlns=\"http:\/\/www.w3.org\/2000\/svg\"><path d=\"M31.3 192h257.3c17.8 0 26.7 21.5 14.1 34.1L174.1 354.8c-7.8 7.8-20.5 7.8-28.3 0L17.2 226.1C4.6 213.5 13.5 192 31.3 192z\"><\/path><\/svg><\/span>\n\t\t\t\t<span class=\"wpr-toggle-icon wpr-ti-open\"><svg aria-hidden=\"true\" class=\"e-font-icon-svg e-fas-caret-up\" viewBox=\"0 0 320 512\" xmlns=\"http:\/\/www.w3.org\/2000\/svg\"><path d=\"M288.662 352H31.338c-17.818 0-26.741-21.543-14.142-34.142l128.662-128.662c7.81-7.81 20.474-7.81 28.284 0l128.662 128.662c12.6 12.599 3.676 34.142-14.142 34.142z\"><\/path><\/svg><\/span>\n\t\t\t\t\t\t\t\t\t<\/button>\n\n\t\t\t\t\t\t<div class=\"wpr-acc-panel\">\n\t\t\t\t\t\t\t\t\t\t\t\t\t\t\t<div class=\"wpr-acc-panel-content\"><div id=\"title\" class=\"style-scope ytd-watch-metadata\"><p class=\"style-scope ytd-watch-metadata\"><a href=\"https:\/\/www.youtube.com\/live\/7RZJencxF9g\">Live daFOTO! #09 - As Fototecas do RJ e RN<\/a><\/p><\/div><div id=\"top-row\" class=\"style-scope ytd-watch-metadata\"><div id=\"owner\" class=\"item style-scope ytd-watch-metadata\">\u00a0<\/div><\/div><\/div>\n\t\t\t\t\t\t\t\t\t\t\t\t\t<\/div>\n                    <\/div>\n\n                            <\/div>\n        \t\t\t\t<\/div>\n\t\t\t\t<\/div>\n\t\t\t\t<\/div>\n\t\t\t\t<\/div>\n\t\t\t\t\t<\/div>\n\t\t<\/div>\n\t\t\t\t\t\t<\/div>\n\t\t\t\t<\/div>\n\t\t\t\t\t<\/div>\n\t\t\t\t<\/div>\n\t\t\t\t<\/div>\n\t\t","protected":false},"excerpt":{"rendered":"<p>Hist\u00f3ria da Fototeca Potiguar A Fototeca Potiguar \u00e9 fruto de uma longa e coletiva caminhada. Aqui, voc\u00ea vai conhecer a trajet\u00f3ria que transformou um sonho em pol\u00edtica p\u00fablica: os marcos dessa luta, os desafios enfrentados, e \u2014 principalmente \u2014 as pessoas e institui\u00e7\u00f5es que uniram for\u00e7as para que a fotografia potiguar ganhasse o espa\u00e7o e o cuidado que merece. Mais do que preservar imagens, essa hist\u00f3ria celebra mem\u00f3ria, identidade e resist\u00eancia cultural. A cria\u00e7\u00e3o da Fototeca, institu\u00edda pela Lei n\u00ba 11.619\/2023, representa uma conquista hist\u00f3rica para o Rio Grande do Norte \u2014 e um novo cap\u00edtulo na valoriza\u00e7\u00e3o da nossa mem\u00f3ria visual. 2025 2024 2023 Plen\u00e1ria Fototeca Potiguar A FOTOTECA POTIGUAR est\u00e1 virando uma realidade, O projeto foi promulgado pela governadora F\u00e1tima Bezerra em 6 de dezembro de 2023. Portanto, a Fototeca Potiguar j\u00e1 \u00e9 Lei 11.619\/2023. Em 2024 iniciamos com a SECULT e FJA a constru\u00e7\u00e3o de sua implanta\u00e7\u00e3o institucional e agora vamos iniciar uma fase fundamental, com a realiza\u00e7\u00e3o do Mapeamento da Fotografia Potiguar. \u00a0 Esta Plen\u00e1rio on-line do segmento da fotografia potiguar, \u00e9 um espa\u00e7o coletivo e democr\u00e1tico, aberto a todos os interessados, para apresenta\u00e7\u00e3o das propostas e encaminhamentos da Implanta\u00e7\u00e3o da Fototeca Potiguar e a realiza\u00e7\u00e3o do Mapeamento da Fotografia Potiguar e do I Semin\u00e1rio da Fototeca Potiguar. \u00a0 Pauta: 1 &#8211; Resgate Hist\u00f3rico da Luta pela Fototeca Potiguar; 2 &#8211; Proposta do Mapeamento da Fotografia Potiguar; 3 &#8211; Proposta do I Semin\u00e1rio da Fototeca Potiguar; 4 &#8211; Debates Institucionais na implanta\u00e7\u00e3o da Fototeca Potiguar; 5 &#8211; Encaminhamentos; \u00a0 A Plen\u00e1ria ON-Line acontece atrav\u00e9s do Google Meet e ser\u00e1 transmitido ao vivo no Youtube. \u00a0Link das Not\u00edcias: Coletivo da fotografia potiguar realiza plen\u00e1ria virtual nesta quinta (17) para discutir implanta\u00e7\u00e3o da Fototeca FOTOTECA POTIGUAR: UMA CONQUISTA COLETIVA QUE SEGUE GANHANDO FOCO E LUZ Fototeca Potiguar realiza plen\u00e1ria on-line nesta quinta (17) com participa\u00e7\u00e3o aberta Projeto para Fototeca Potiguar tem os primeiros passos da implanta\u00e7\u00e3o Fototeca potiguar promove plen\u00e1ria on-line nesta quinta (17) com fot\u00f3grafos do RN Fototeca Potiguar: plen\u00e1ria nesta quinta vai ouvir propostas e alinhar pr\u00f3ximos passos Instagram \u00a0 Mapeamento da Fotografia Potiguar Realiza\u00e7\u00e3o do Mapeamento da Fotografia Potiguar e do Semin\u00e1rio Fototeca Potiguar Este projeto viabiliza o mapeamento da fotografia potiguar, identificando seus realizadores, seus acervos, sua hist\u00f3ria, reunindo dados sobre este segmento da economia criativa e dando subs\u00eddios t\u00e9cnicos para a pol\u00edtica p\u00fablica de implanta\u00e7\u00e3o e regulamenta\u00e7\u00e3o desta lei pelo Governo do RN. Constru\u00e7\u00e3o de uma plataforma para o Mapeamento e campanha de divulga\u00e7\u00e3o e visita t\u00e9cnica aos munic\u00edpios do RN. O Semin\u00e1rio Fototeca Potiguar se constitui num espa\u00e7o democr\u00e1tico de debate com o segmento da fotografia potiguar e convidados e especialistas, apresentando a proposta de Implanta\u00e7\u00e3o da Fototeca e Mapeamento da Fotografia. \u00a0 Os recursos das emendas parlamentares do Deputado Federal Fernando Mineiro e da Deputada Estadual Divaneide Bas\u00edlio, que totalizam R$ 110.000,00 (cento e dez mil reais), ser\u00e3o administrados pela FUNCERN e ser\u00e3o revertidos na realiza\u00e7\u00e3o de um Semin\u00e1rio para discutir de forma mais ampla junto \u00e0 sociedade civil, o projeto da Fototeca Potiguar e tamb\u00e9m para o Mapeamento da Fotografia Potiguar, que se constitui em uma plataforma eletr\u00f4nica com informa\u00e7\u00f5es sobre a fotografia do Estado: profissionais antigos e recentes, levantamento de acervos e a dimens\u00e3o do impacto da fotografia na economia criativa potiguar, feita com visitas aos munic\u00edpios e campanha de divulga\u00e7\u00e3o.\u00a0 Projeto de Utiliza\u00e7\u00e3o das Emendas Parlamentares (2024\/2025); Emendas Parlamentares administradas pela FUNCERN. Deputada Estadual Divaneide Bas\u00edlio \u2013 Valor estimado R$ 50.000,00 (cinquenta mil reais); Deputado Federal Fernando Mineiro \u2013 Valor Empenhado R$ 60.000,00 (sessenta mil reais); Em reuni\u00e3o com a Secret\u00e1ria Estadual de Cultura Maryland Brito, na sexta 11 de abril de 2025, foram tra\u00e7ados os pr\u00f3ximos passos na Implant\u00e7\u00e3o da Fototeca Potiguar, com a apresenta\u00e7\u00e3o e aprova\u00e7\u00e3o da proposta de Mapeamento da Fotografia Potiguar em 2025 (com recursos de Emendas parlamentares) e a busca de recursos junto a outros parceiros. Para isso estaremos realizando:\u00a0 Plen\u00e1ria do segmento da Fotografia (Reuni\u00e3o Ampliada) para apresenta\u00e7\u00e3o detalhada da proposta; Nomea\u00e7\u00e3o Comiss\u00e3o de Mapeamento (decreto da Secretaria com nomes do Governo e da Sociedade Civil); Editais para o segmento da Fotografia na PNAB 2025 (aquisi\u00e7\u00e3o de fotolivros e Acervo Digital para a Fototeca); Reforma da Biblioteca C\u00e2mara Cascudo para abrigar a Fototeca Potiguar; Instala\u00e7\u00e3o de Internet Banda Larga na Biblioteca; Busca de espa\u00e7o na Nuvem para abrigar acervo da Fototeca (UFRN, UERN, IFRN etc); Constru\u00e7\u00e3o da Identidade Visual e site da Fototeca Potiguar; Constru\u00e7\u00e3o do Question\u00e1rio e plataforma do Mapeamento; Articula\u00e7\u00e3o com as Casa de Cultura, UFRN, SEBRAE, UERN e Prefeituras para o Mapeamento; Semin\u00e1rio para lan\u00e7amento do Mapeamento &#8211; Evento P\u00fablico; Link da Not\u00edcia: Projeto revolucion\u00e1rio da Fototeca Potiguar tem in\u00edcio nesta sexta \u00a0 Governo cria Grupo de Trabalho &#8211; GT de Implanta\u00e7\u00e3o da FOTOTECA Potiguar \u00a0 Reuni\u00e3o FOTOTECA POTIGUAR com Mayland Brito Secret\u00e1ria de Cultura do RN Nomea\u00e7\u00e3o GT Fototeca \u00a0 Grupo de Trabalho &#8211; GT Apresenta proposta de Decreto que Regulamenta Implanta\u00e7\u00e3o da FOTOTECA Potiguar RECOMENDA\u00c7\u00d5ES GT IMPLANTA\u00c7\u00c3O da FOTOTECA POTIGUAR 2024 Palestra apresenta proposta da FOTOTECA Potiguar em comemora\u00e7\u00e3o ao Dia Mundial da Fotografia PALESTRA FOTOTECA PotiguarDia Mundial da Fotografia tem programa\u00e7\u00e3o especial no Parque da CidadeColetivos de foto celebram o Dia Mundial da Fotografia em NatalFoto Clube de Natal e Coletivo da Foto celebram o Dia Mundial da Fotografia com Programa\u00e7\u00e3o EspecialFoto Clube de Natal e o Coletivo da Foto promovem atividades culturais para o Dia Mundial da Fotografia em Natal Projeto Lei Fototeca Potiguar 24_08_2023 A proposta da FOTOTECA POTIGUAR \u00e9 uma reivindica\u00e7\u00e3o antiga do movimento da fotografia no RN, sendo um passo fundamental de fortalecimento e constru\u00e7\u00e3o coletiva. Provocada pelo Coletivo daFOTO!, a Deputada Estadual Divaneide Bas\u00edlio (PT), encaminhou o Projeto de Lei 321\/2023 que tramitou e foi aprovado nas Comiss\u00f5es e Plen\u00e1rio da Assembleia Legislativa do RN, aprovado por unanimidade em 09 de novembro de 2023. A\u00a0 aprova\u00e7\u00e3o do PL foi um primeiro passo, que mobilizou todo o segmento da fotografia no estado, que se articulou com um abaixo assinado com mais de 230 assinaturas, reuni\u00f5es, plen\u00e1rias, Grupos de Trabalho e uma<\/p>\n","protected":false},"author":1,"featured_media":0,"parent":0,"menu_order":0,"comment_status":"closed","ping_status":"closed","template":"elementor_canvas","meta":{"footnotes":""},"class_list":["post-2278","page","type-page","status-publish","hentry"],"_links":{"self":[{"href":"https:\/\/uigglab.com.br\/fototeca\/wp-json\/wp\/v2\/pages\/2278","targetHints":{"allow":["GET"]}}],"collection":[{"href":"https:\/\/uigglab.com.br\/fototeca\/wp-json\/wp\/v2\/pages"}],"about":[{"href":"https:\/\/uigglab.com.br\/fototeca\/wp-json\/wp\/v2\/types\/page"}],"author":[{"embeddable":true,"href":"https:\/\/uigglab.com.br\/fototeca\/wp-json\/wp\/v2\/users\/1"}],"replies":[{"embeddable":true,"href":"https:\/\/uigglab.com.br\/fototeca\/wp-json\/wp\/v2\/comments?post=2278"}],"version-history":[{"count":94,"href":"https:\/\/uigglab.com.br\/fototeca\/wp-json\/wp\/v2\/pages\/2278\/revisions"}],"predecessor-version":[{"id":2741,"href":"https:\/\/uigglab.com.br\/fototeca\/wp-json\/wp\/v2\/pages\/2278\/revisions\/2741"}],"wp:attachment":[{"href":"https:\/\/uigglab.com.br\/fototeca\/wp-json\/wp\/v2\/media?parent=2278"}],"curies":[{"name":"wp","href":"https:\/\/api.w.org\/{rel}","templated":true}]}}