{"id":7,"date":"2025-04-02T16:12:50","date_gmt":"2025-04-02T16:12:50","guid":{"rendered":"https:\/\/demosites.royal-elementor-addons.com\/yoga-v2\/?page_id=7"},"modified":"2025-08-17T18:14:20","modified_gmt":"2025-08-17T18:14:20","slug":"sobre","status":"publish","type":"page","link":"https:\/\/uigglab.com.br\/fototeca\/sobre\/","title":{"rendered":"Sobre"},"content":{"rendered":"\t\t<div data-elementor-type=\"wp-page\" data-elementor-id=\"7\" class=\"elementor elementor-7\">\n\t\t\t\t<div class=\"elementor-element elementor-element-b63fb9b e-flex e-con-boxed wpr-particle-no wpr-jarallax-no wpr-parallax-no wpr-sticky-section-no e-con e-parent\" data-id=\"b63fb9b\" data-element_type=\"container\" data-settings=\"{&quot;background_background&quot;:&quot;classic&quot;}\">\n\t\t\t\t\t<div class=\"e-con-inner\">\n\t\t<div class=\"elementor-element elementor-element-52bc439 e-con-full e-flex wpr-particle-no wpr-jarallax-no wpr-parallax-no wpr-sticky-section-no e-con e-child\" data-id=\"52bc439\" data-element_type=\"container\">\n\t\t\t\t<div class=\"elementor-element elementor-element-3ff5c5b elementor-widget elementor-widget-heading\" data-id=\"3ff5c5b\" data-element_type=\"widget\" data-widget_type=\"heading.default\">\n\t\t\t\t<div class=\"elementor-widget-container\">\n\t\t\t\t\t<p class=\"elementor-heading-title elementor-size-default\">Sobre<\/p>\t\t\t\t<\/div>\n\t\t\t\t<\/div>\n\t\t\t\t<div class=\"elementor-element elementor-element-e180431 elementor-widget-divider--view-line elementor-widget elementor-widget-divider\" data-id=\"e180431\" data-element_type=\"widget\" data-widget_type=\"divider.default\">\n\t\t\t\t<div class=\"elementor-widget-container\">\n\t\t\t\t\t\t\t<div class=\"elementor-divider\">\n\t\t\t<span class=\"elementor-divider-separator\">\n\t\t\t\t\t\t<\/span>\n\t\t<\/div>\n\t\t\t\t\t\t<\/div>\n\t\t\t\t<\/div>\n\t\t\t\t<div class=\"elementor-element elementor-element-afa574e elementor-widget elementor-widget-text-editor\" data-id=\"afa574e\" data-element_type=\"widget\" data-widget_type=\"text-editor.default\">\n\t\t\t\t<div class=\"elementor-widget-container\">\n\t\t\t\t\t\t\t\t\t<article class=\"text-token-text-primary w-full\" dir=\"auto\" data-testid=\"conversation-turn-91\" data-scroll-anchor=\"true\"><div class=\"text-base my-auto mx-auto pb-10 [--thread-content-margin:--spacing(4)] @[37rem]:[--thread-content-margin:--spacing(6)] @[72rem]:[--thread-content-margin:--spacing(16)] px-(--thread-content-margin)\"><div class=\"[--thread-content-max-width:32rem] @[34rem]:[--thread-content-max-width:40rem] @[64rem]:[--thread-content-max-width:48rem] mx-auto flex max-w-(--thread-content-max-width) flex-1 text-base gap-4 md:gap-5 lg:gap-6 group\/turn-messages focus-visible:outline-hidden\" tabindex=\"-1\"><div class=\"group\/conversation-turn relative flex w-full min-w-0 flex-col agent-turn\"><div class=\"relative flex-col gap-1 md:gap-3\"><div class=\"flex max-w-full flex-col grow\"><div class=\"min-h-8 text-message relative flex w-full flex-col items-end gap-2 text-start break-words whitespace-normal [.text-message+&amp;]:mt-5\" dir=\"auto\" data-message-author-role=\"assistant\" data-message-id=\"e1580aa8-8955-4ccf-a665-08df9f144ec4\" data-message-model-slug=\"gpt-4o\"><div class=\"flex w-full flex-col gap-1 empty:hidden first:pt-[3px]\"><div class=\"markdown prose dark:prose-invert w-full break-words light\"><p><span style=\"font-weight: 400;\">A Fototeca Potiguar nasce do encontro entre mem\u00f3ria, arte e mobiliza\u00e7\u00e3o coletiva. Neste espa\u00e7o, voc\u00ea conhece a origem da iniciativa, os princ\u00edpios que orientam nossas a\u00e7\u00f5es e as pessoas, institui\u00e7\u00f5es e hist\u00f3rias que v\u00eam construindo, dia ap\u00f3s dia, essa jornada de cuidado com a fotografia no Rio Grande do Norte. Aqui, apresentamos o que nos move, como atuamos e por que acreditamos que preservar imagens \u00e9 tamb\u00e9m preservar hist\u00f3rias, identidades e afetos.<\/span><\/p><\/div><\/div><\/div><\/div><\/div><\/div><\/div><\/div><\/article>\t\t\t\t\t\t\t\t<\/div>\n\t\t\t\t<\/div>\n\t\t<div class=\"elementor-element elementor-element-c01ee61 e-con-full e-flex wpr-particle-no wpr-jarallax-no wpr-parallax-no wpr-sticky-section-no e-con e-child\" data-id=\"c01ee61\" data-element_type=\"container\">\n\t\t<div class=\"elementor-element elementor-element-ade11e3 e-grid e-con-full wpr-particle-no wpr-jarallax-no wpr-parallax-no wpr-sticky-section-no e-con e-child\" data-id=\"ade11e3\" data-element_type=\"container\">\n\t\t\t\t<div class=\"elementor-element elementor-element-f5f0502 elementor-widget elementor-widget-counter\" data-id=\"f5f0502\" data-element_type=\"widget\" data-widget_type=\"counter.default\">\n\t\t\t\t<div class=\"elementor-widget-container\">\n\t\t\t\t\t\t\t<div class=\"elementor-counter\">\n\t\t\t<div class=\"elementor-counter-title\">Itens Mapeados<\/div>\t\t\t<div class=\"elementor-counter-number-wrapper\">\n\t\t\t\t<span class=\"elementor-counter-number-prefix\">+<\/span>\n\t\t\t\t<span class=\"elementor-counter-number\" data-duration=\"2000\" data-to-value=\"30\" data-from-value=\"0\" data-delimiter=\",\">0<\/span>\n\t\t\t\t<span class=\"elementor-counter-number-suffix\"><\/span>\n\t\t\t<\/div>\n\t\t<\/div>\n\t\t\t\t\t\t<\/div>\n\t\t\t\t<\/div>\n\t\t\t\t<div class=\"elementor-element elementor-element-c33f9db elementor-widget elementor-widget-counter\" data-id=\"c33f9db\" data-element_type=\"widget\" data-widget_type=\"counter.default\">\n\t\t\t\t<div class=\"elementor-widget-container\">\n\t\t\t\t\t\t\t<div class=\"elementor-counter\">\n\t\t\t<div class=\"elementor-counter-title\">Participantes<\/div>\t\t\t<div class=\"elementor-counter-number-wrapper\">\n\t\t\t\t<span class=\"elementor-counter-number-prefix\">+<\/span>\n\t\t\t\t<span class=\"elementor-counter-number\" data-duration=\"2000\" data-to-value=\"10\" data-from-value=\"0\" data-delimiter=\",\">0<\/span>\n\t\t\t\t<span class=\"elementor-counter-number-suffix\"><\/span>\n\t\t\t<\/div>\n\t\t<\/div>\n\t\t\t\t\t\t<\/div>\n\t\t\t\t<\/div>\n\t\t\t\t<div class=\"elementor-element elementor-element-7bc8846 elementor-widget elementor-widget-counter\" data-id=\"7bc8846\" data-element_type=\"widget\" data-widget_type=\"counter.default\">\n\t\t\t\t<div class=\"elementor-widget-container\">\n\t\t\t\t\t\t\t<div class=\"elementor-counter\">\n\t\t\t<div class=\"elementor-counter-title\">Parcerias<\/div>\t\t\t<div class=\"elementor-counter-number-wrapper\">\n\t\t\t\t<span class=\"elementor-counter-number-prefix\">+<\/span>\n\t\t\t\t<span class=\"elementor-counter-number\" data-duration=\"2000\" data-to-value=\"15\" data-from-value=\"0\" data-delimiter=\",\">0<\/span>\n\t\t\t\t<span class=\"elementor-counter-number-suffix\"><\/span>\n\t\t\t<\/div>\n\t\t<\/div>\n\t\t\t\t\t\t<\/div>\n\t\t\t\t<\/div>\n\t\t\t\t<\/div>\n\t\t\t\t<\/div>\n\t\t\t\t<\/div>\n\t\t\t\t\t<\/div>\n\t\t\t\t<\/div>\n\t\t<div class=\"elementor-element elementor-element-b0ea2ac e-flex e-con-boxed wpr-particle-no wpr-jarallax-no wpr-parallax-no wpr-sticky-section-no e-con e-parent\" data-id=\"b0ea2ac\" data-element_type=\"container\">\n\t\t\t\t\t<div class=\"e-con-inner\">\n\t\t<div class=\"elementor-element elementor-element-d6eb381 e-con-full e-flex wpr-particle-no wpr-jarallax-no wpr-parallax-no wpr-sticky-section-no e-con e-child\" data-id=\"d6eb381\" data-element_type=\"container\">\n\t\t\t\t<div class=\"elementor-element elementor-element-1cc07de elementor-position-right elementor-vertical-align-middle elementor-invisible elementor-widget elementor-widget-image-box\" data-id=\"1cc07de\" data-element_type=\"widget\" data-settings=\"{&quot;_animation&quot;:&quot;slideInLeft&quot;}\" data-widget_type=\"image-box.default\">\n\t\t\t\t<div class=\"elementor-widget-container\">\n\t\t\t\t\t<div class=\"elementor-image-box-wrapper\"><figure class=\"elementor-image-box-img\"><img fetchpriority=\"high\" decoding=\"async\" width=\"256\" height=\"256\" src=\"https:\/\/uigglab.com.br\/fototeca\/wp-content\/uploads\/2025\/07\/settings-gears.png\" class=\"attachment-full size-full wp-image-2135\" alt=\"settings-gears\" srcset=\"https:\/\/uigglab.com.br\/fototeca\/wp-content\/uploads\/2025\/07\/settings-gears.png 256w, https:\/\/uigglab.com.br\/fototeca\/wp-content\/uploads\/2025\/07\/settings-gears-150x150.png 150w, https:\/\/uigglab.com.br\/fototeca\/wp-content\/uploads\/2025\/07\/settings-gears-40x40.png 40w, https:\/\/uigglab.com.br\/fototeca\/wp-content\/uploads\/2025\/07\/settings-gears-205x205.png 205w\" sizes=\"(max-width: 256px) 100vw, 256px\" \/><\/figure><div class=\"elementor-image-box-content\"><h3 class=\"elementor-image-box-title\">MISS\u00c3O<\/h3><p class=\"elementor-image-box-description\"><br>\n<br>\nMapear, preservar e promover os acervos e protagonistas da fotografia potiguar, fortalecendo a mem\u00f3ria visual do Rio Grande do Norte e conectando saberes, territ\u00f3rios e iniciativas por meio de a\u00e7\u00f5es colaborativas, educativas e acess\u00edveis.\n<br>\n<br>\n<br>\n<\/p><\/div><\/div>\t\t\t\t<\/div>\n\t\t\t\t<\/div>\n\t\t\t\t<\/div>\n\t\t<div class=\"elementor-element elementor-element-c65b103 e-con-full e-flex wpr-particle-no wpr-jarallax-no wpr-parallax-no wpr-sticky-section-no e-con e-child\" data-id=\"c65b103\" data-element_type=\"container\">\n\t\t<div class=\"elementor-element elementor-element-05f2b26 e-con-full e-flex wpr-particle-no wpr-jarallax-no wpr-parallax-no wpr-sticky-section-no e-con e-child\" data-id=\"05f2b26\" data-element_type=\"container\">\n\t\t\t\t<div class=\"elementor-element elementor-element-ae8a088 elementor-position-right elementor-vertical-align-middle elementor-invisible elementor-widget elementor-widget-image-box\" data-id=\"ae8a088\" data-element_type=\"widget\" data-settings=\"{&quot;_animation&quot;:&quot;slideInLeft&quot;}\" data-widget_type=\"image-box.default\">\n\t\t\t\t<div class=\"elementor-widget-container\">\n\t\t\t\t\t<div class=\"elementor-image-box-wrapper\"><figure class=\"elementor-image-box-img\"><img decoding=\"async\" width=\"256\" height=\"256\" src=\"https:\/\/uigglab.com.br\/fototeca\/wp-content\/uploads\/2025\/07\/mountain.png\" class=\"attachment-full size-full wp-image-2140\" alt=\"mountain-fototeca\" srcset=\"https:\/\/uigglab.com.br\/fototeca\/wp-content\/uploads\/2025\/07\/mountain.png 256w, https:\/\/uigglab.com.br\/fototeca\/wp-content\/uploads\/2025\/07\/mountain-150x150.png 150w, https:\/\/uigglab.com.br\/fototeca\/wp-content\/uploads\/2025\/07\/mountain-40x40.png 40w, https:\/\/uigglab.com.br\/fototeca\/wp-content\/uploads\/2025\/07\/mountain-205x205.png 205w\" sizes=\"(max-width: 256px) 100vw, 256px\" \/><\/figure><div class=\"elementor-image-box-content\"><h3 class=\"elementor-image-box-title\">VIS\u00c3O<\/h3><p class=\"elementor-image-box-description\">Ser refer\u00eancia na preserva\u00e7\u00e3o, valoriza\u00e7\u00e3o e difus\u00e3o da mem\u00f3ria fotogr\u00e1fica potiguar, contribuindo para o fortalecimento da identidade cultural do RN e inspirando pol\u00edticas p\u00fablicas e projetos de cuidado com acervos em todo o estado.<\/p><\/div><\/div>\t\t\t\t<\/div>\n\t\t\t\t<\/div>\n\t\t\t\t<\/div>\n\t\t<div class=\"elementor-element elementor-element-d565b2b e-con-full e-flex wpr-particle-no wpr-jarallax-no wpr-parallax-no wpr-sticky-section-no e-con e-child\" data-id=\"d565b2b\" data-element_type=\"container\">\n\t\t\t\t<div class=\"elementor-element elementor-element-d829771 elementor-position-right elementor-vertical-align-middle elementor-invisible elementor-widget elementor-widget-image-box\" data-id=\"d829771\" data-element_type=\"widget\" data-settings=\"{&quot;_animation&quot;:&quot;slideInLeft&quot;}\" data-widget_type=\"image-box.default\">\n\t\t\t\t<div class=\"elementor-widget-container\">\n\t\t\t\t\t<div class=\"elementor-image-box-wrapper\"><figure class=\"elementor-image-box-img\"><img decoding=\"async\" width=\"256\" height=\"256\" src=\"https:\/\/uigglab.com.br\/fototeca\/wp-content\/uploads\/2025\/07\/gift.png\" class=\"attachment-full size-full wp-image-2141\" alt=\"gift-foteteca\" srcset=\"https:\/\/uigglab.com.br\/fototeca\/wp-content\/uploads\/2025\/07\/gift.png 256w, https:\/\/uigglab.com.br\/fototeca\/wp-content\/uploads\/2025\/07\/gift-150x150.png 150w, https:\/\/uigglab.com.br\/fototeca\/wp-content\/uploads\/2025\/07\/gift-40x40.png 40w, https:\/\/uigglab.com.br\/fototeca\/wp-content\/uploads\/2025\/07\/gift-205x205.png 205w\" sizes=\"(max-width: 256px) 100vw, 256px\" \/><\/figure><div class=\"elementor-image-box-content\"><h3 class=\"elementor-image-box-title\">VALORES<\/h3><p class=\"elementor-image-box-description\">- Preserva\u00e7\u00e3o da mem\u00f3ria\n- Acesso democr\u00e1tico \u00e0 cultura\n- Colabora\u00e7\u00e3o em rede\n- Valoriza\u00e7\u00e3o da cultura local\n- Transpar\u00eancia e participa\u00e7\u00e3o\n- Educa\u00e7\u00e3o e sensibiliza\u00e7\u00e3o<\/p><\/div><\/div>\t\t\t\t<\/div>\n\t\t\t\t<\/div>\n\t\t\t\t<\/div>\n\t\t\t\t<\/div>\n\t\t\t\t\t<\/div>\n\t\t\t\t<\/div>\n\t\t<div class=\"elementor-element elementor-element-1bb202d e-flex e-con-boxed wpr-particle-no wpr-jarallax-no wpr-parallax-no wpr-sticky-section-no e-con e-parent\" data-id=\"1bb202d\" data-element_type=\"container\">\n\t\t\t\t\t<div class=\"e-con-inner\">\n\t\t<div class=\"elementor-element elementor-element-62d4649 e-con-full e-flex wpr-particle-no wpr-jarallax-no wpr-parallax-no wpr-sticky-section-no elementor-invisible e-con e-child\" data-id=\"62d4649\" data-element_type=\"container\" data-settings=\"{&quot;animation&quot;:&quot;slideInLeft&quot;}\">\n\t\t\t\t<div class=\"elementor-element elementor-element-073478f elementor-widget elementor-widget-heading\" data-id=\"073478f\" data-element_type=\"widget\" data-widget_type=\"heading.default\">\n\t\t\t\t<div class=\"elementor-widget-container\">\n\t\t\t\t\t<h2 class=\"elementor-heading-title elementor-size-default\">Sobre o Mapeamento<\/h2>\t\t\t\t<\/div>\n\t\t\t\t<\/div>\n\t\t\t\t<div class=\"elementor-element elementor-element-b05a629 elementor-widget elementor-widget-heading\" data-id=\"b05a629\" data-element_type=\"widget\" data-widget_type=\"heading.default\">\n\t\t\t\t<div class=\"elementor-widget-container\">\n\t\t\t\t\t<h2 class=\"elementor-heading-title elementor-size-default\">,Mapear \u00e9 preservar, conectar e fortalecer a fotografia potiguar<\/h2>\t\t\t\t<\/div>\n\t\t\t\t<\/div>\n\t\t\t\t<div class=\"elementor-element elementor-element-2dcf029 elementor-widget elementor-widget-text-editor\" data-id=\"2dcf029\" data-element_type=\"widget\" data-widget_type=\"text-editor.default\">\n\t\t\t\t<div class=\"elementor-widget-container\">\n\t\t\t\t\t\t\t\t\t<p><span style=\"font-weight: 400;\">Mapear \u00e9 preservar, conectar e fortalecer a fotografia potiguar. Nosso mapeamento busca identificar acervos fotogr\u00e1ficos em todo o estado, compreendendo suas condi\u00e7\u00f5es de preserva\u00e7\u00e3o, formas de fomento e apoios \u2014 p\u00fablicos ou privados. Esse levantamento \u00e9 essencial para:<\/span><\/p>\t\t\t\t\t\t\t\t<\/div>\n\t\t\t\t<\/div>\n\t\t\t\t<div class=\"elementor-element elementor-element-64d31e6 elementor-icon-list--layout-traditional elementor-list-item-link-full_width elementor-widget elementor-widget-icon-list\" data-id=\"64d31e6\" data-element_type=\"widget\" data-widget_type=\"icon-list.default\">\n\t\t\t\t<div class=\"elementor-widget-container\">\n\t\t\t\t\t\t\t<ul class=\"elementor-icon-list-items\">\n\t\t\t\t\t\t\t<li class=\"elementor-icon-list-item\">\n\t\t\t\t\t\t\t\t\t\t\t<span class=\"elementor-icon-list-icon\">\n\t\t\t\t\t\t\t<svg aria-hidden=\"true\" class=\"e-font-icon-svg e-fas-check\" viewBox=\"0 0 512 512\" xmlns=\"http:\/\/www.w3.org\/2000\/svg\"><path d=\"M173.898 439.404l-166.4-166.4c-9.997-9.997-9.997-26.206 0-36.204l36.203-36.204c9.997-9.998 26.207-9.998 36.204 0L192 312.69 432.095 72.596c9.997-9.997 26.207-9.997 36.204 0l36.203 36.204c9.997 9.997 9.997 26.206 0 36.204l-294.4 294.401c-9.998 9.997-26.207 9.997-36.204-.001z\"><\/path><\/svg>\t\t\t\t\t\t<\/span>\n\t\t\t\t\t\t\t\t\t\t<span class=\"elementor-icon-list-text\">Construir pol\u00edticas p\u00fablicas eficazes;<\/span>\n\t\t\t\t\t\t\t\t\t<\/li>\n\t\t\t\t\t\t\t\t<li class=\"elementor-icon-list-item\">\n\t\t\t\t\t\t\t\t\t\t\t<span class=\"elementor-icon-list-icon\">\n\t\t\t\t\t\t\t<svg aria-hidden=\"true\" class=\"e-font-icon-svg e-fas-check\" viewBox=\"0 0 512 512\" xmlns=\"http:\/\/www.w3.org\/2000\/svg\"><path d=\"M173.898 439.404l-166.4-166.4c-9.997-9.997-9.997-26.206 0-36.204l36.203-36.204c9.997-9.998 26.207-9.998 36.204 0L192 312.69 432.095 72.596c9.997-9.997 26.207-9.997 36.204 0l36.203 36.204c9.997 9.997 9.997 26.206 0 36.204l-294.4 294.401c-9.998 9.997-26.207 9.997-36.204-.001z\"><\/path><\/svg>\t\t\t\t\t\t<\/span>\n\t\t\t\t\t\t\t\t\t\t<span class=\"elementor-icon-list-text\">Apoiar a implanta\u00e7\u00e3o da Fototeca Potiguar, institu\u00edda pela Lei n\u00ba 11.619\/2023;<\/span>\n\t\t\t\t\t\t\t\t\t<\/li>\n\t\t\t\t\t\t\t\t<li class=\"elementor-icon-list-item\">\n\t\t\t\t\t\t\t\t\t\t\t<span class=\"elementor-icon-list-icon\">\n\t\t\t\t\t\t\t<svg aria-hidden=\"true\" class=\"e-font-icon-svg e-fas-check\" viewBox=\"0 0 512 512\" xmlns=\"http:\/\/www.w3.org\/2000\/svg\"><path d=\"M173.898 439.404l-166.4-166.4c-9.997-9.997-9.997-26.206 0-36.204l36.203-36.204c9.997-9.998 26.207-9.998 36.204 0L192 312.69 432.095 72.596c9.997-9.997 26.207-9.997 36.204 0l36.203 36.204c9.997 9.997 9.997 26.206 0 36.204l-294.4 294.401c-9.998 9.997-26.207 9.997-36.204-.001z\"><\/path><\/svg>\t\t\t\t\t\t<\/span>\n\t\t\t\t\t\t\t\t\t\t<span class=\"elementor-icon-list-text\">Fortalecer redes, institui\u00e7\u00f5es e protagonistas da fotografia no RN.<\/span>\n\t\t\t\t\t\t\t\t\t<\/li>\n\t\t\t\t\t\t<\/ul>\n\t\t\t\t\t\t<\/div>\n\t\t\t\t<\/div>\n\t\t\t\t<div class=\"elementor-element elementor-element-d5aa59f elementor-widget elementor-widget-text-editor\" data-id=\"d5aa59f\" data-element_type=\"widget\" data-widget_type=\"text-editor.default\">\n\t\t\t\t<div class=\"elementor-widget-container\">\n\t\t\t\t\t\t\t\t\t<p><span style=\"font-weight: 400;\">Sua participa\u00e7\u00e3o \u00e9 essencial! Contribua com o mapeamento e ajude a salvaguardar a hist\u00f3ria visual do Rio Grande do Norte. Seja parte ativa da cria\u00e7\u00e3o, constru\u00e7\u00e3o e sustentabilidade da Fototeca Potiguar.<\/span><\/p>\t\t\t\t\t\t\t\t<\/div>\n\t\t\t\t<\/div>\n\t\t\t\t<div class=\"elementor-element elementor-element-e7c5986 wpr-button-icon-style-inline wpr-button-icon-position-right elementor-widget elementor-widget-wpr-button\" data-id=\"e7c5986\" data-element_type=\"widget\" data-widget_type=\"wpr-button.default\">\n\t\t\t\t<div class=\"elementor-widget-container\">\n\t\t\t\t\t\t\n\t\t\t\n\t\t\n\t\t<div class=\"wpr-button-wrap elementor-clearfix\">\n\t\t<a class=\"wpr-button wpr-button-effect wpr-button-none\" data-text=\"Go\" href=\"https:\/\/uigglab.com.br\/fototeca\/mapeamento\/\">\n\t\t\t\n\t\t\t<span class=\"wpr-button-content\">\n\t\t\t\t\t\t\t\t\t<span class=\"wpr-button-text\">Saiba Mais<\/span>\n\t\t\t\t\t\t\t\t\n\t\t\t\t\t\t\t\t\t<span class=\"wpr-button-icon\"><svg class=\"e-font-icon-svg e-fas-arrow-right\" viewBox=\"0 0 448 512\" xmlns=\"http:\/\/www.w3.org\/2000\/svg\"><path d=\"M190.5 66.9l22.2-22.2c9.4-9.4 24.6-9.4 33.9 0L441 239c9.4 9.4 9.4 24.6 0 33.9L246.6 467.3c-9.4 9.4-24.6 9.4-33.9 0l-22.2-22.2c-9.5-9.5-9.3-25 .4-34.3L311.4 296H24c-13.3 0-24-10.7-24-24v-32c0-13.3 10.7-24 24-24h287.4L190.9 101.2c-9.8-9.3-10-24.8-.4-34.3z\"><\/path><\/svg><\/span>\n\t\t\t\t\t\t\t<\/span>\n\t\t<\/a>\n\n\t\t\t\t<\/div>\n\t\n\t\n\t\t\t\t\t<\/div>\n\t\t\t\t<\/div>\n\t\t\t\t<\/div>\n\t\t<div class=\"elementor-element elementor-element-cb1d4de e-con-full e-flex wpr-particle-no wpr-jarallax-no wpr-parallax-no wpr-sticky-section-no elementor-invisible e-con e-child\" data-id=\"cb1d4de\" data-element_type=\"container\" data-settings=\"{&quot;animation&quot;:&quot;slideInRight&quot;}\">\n\t\t\t\t<div class=\"elementor-element elementor-element-41a0ea6 elementor-widget elementor-widget-image\" data-id=\"41a0ea6\" data-element_type=\"widget\" data-widget_type=\"image.default\">\n\t\t\t\t<div class=\"elementor-widget-container\">\n\t\t\t\t\t\t\t\t\t\t\t\t\t\t\t<img loading=\"lazy\" decoding=\"async\" width=\"900\" height=\"648\" src=\"https:\/\/uigglab.com.br\/fototeca\/wp-content\/uploads\/2025\/07\/fototeca-potiguar-acervo-motivos-2.png\" class=\"attachment-full size-full wp-image-2449\" alt=\"fototeca-potiguar-acervo-motivos-2\" srcset=\"https:\/\/uigglab.com.br\/fototeca\/wp-content\/uploads\/2025\/07\/fototeca-potiguar-acervo-motivos-2.png 900w, https:\/\/uigglab.com.br\/fototeca\/wp-content\/uploads\/2025\/07\/fototeca-potiguar-acervo-motivos-2-300x216.png 300w, https:\/\/uigglab.com.br\/fototeca\/wp-content\/uploads\/2025\/07\/fototeca-potiguar-acervo-motivos-2-768x553.png 768w, https:\/\/uigglab.com.br\/fototeca\/wp-content\/uploads\/2025\/07\/fototeca-potiguar-acervo-motivos-2-205x148.png 205w, https:\/\/uigglab.com.br\/fototeca\/wp-content\/uploads\/2025\/07\/fototeca-potiguar-acervo-motivos-2-480x346.png 480w\" sizes=\"(max-width: 900px) 100vw, 900px\" \/>\t\t\t\t\t\t\t\t\t\t\t\t\t\t\t<\/div>\n\t\t\t\t<\/div>\n\t\t\t\t<\/div>\n\t\t\t\t\t<\/div>\n\t\t\t\t<\/div>\n\t\t<div class=\"elementor-element elementor-element-e029e71 e-flex e-con-boxed wpr-particle-no wpr-jarallax-no wpr-parallax-no wpr-sticky-section-no elementor-invisible e-con e-parent\" data-id=\"e029e71\" data-element_type=\"container\" data-settings=\"{&quot;animation&quot;:&quot;zoomIn&quot;,&quot;background_background&quot;:&quot;classic&quot;}\">\n\t\t\t\t\t<div class=\"e-con-inner\">\n\t\t\t\t<div class=\"elementor-element elementor-element-57c2066 wpr-promo-box-style-cover elementor-widget elementor-widget-wpr-promo-box\" data-id=\"57c2066\" data-element_type=\"widget\" data-widget_type=\"wpr-promo-box.default\">\n\t\t\t\t<div class=\"elementor-widget-container\">\n\t\t\t\t\t\n\t\t<div class=\"wpr-promo-box wpr-animation-wrap\">\n\n\t\t\t\t\t\t\t\n\t\t\t\t\t\t\t<div class=\"wpr-promo-box-image\">\n\t\t\t\t\t<div class=\"wpr-promo-box-bg-image wpr-bg-anim-zoom-in wpr-anim-timing-ease-default\" style=\"background-image:url(https:\/\/uigglab.com.br\/fototeca\/wp-content\/uploads\/2025\/07\/fototeca-5.webp);\"><\/div>\n\t\t\t\t\t<div class=\"wpr-promo-box-bg-overlay wpr-border-anim-none\"><\/div>\n\t\t\t\t<\/div>\n\t\t\t\t\t\t\n\t\t\t<div class=\"wpr-promo-box-content\">\n\n\t\t\t\t\t\t\t\t<div class=\"wpr-promo-box-icon\">\n\t\t\t\t\t\t\t\t\t<\/div>\n\t\t\t\t\n\t\t\t\t<h3 class=\"wpr-promo-box-title\"><span>Fototeca Potiguar - pessoas, hist\u00f3rias e prop\u00f3sito<\/span><\/h3>\n\t\t\t\t\t\t\t\t\t<div class=\"wpr-promo-box-description\">\n\t\t\t\t\t\t<p><p><span style=\"font-weight: 400\">Conhe\u00e7a a jornada da Fototeca Potiguar. Descubra como essa iniciativa nasceu, as fases de seu desenvolvimento e as pessoas e institui\u00e7\u00f5es que foram fundamentais em sua trajet\u00f3ria para preservar e valorizar a mem\u00f3ria fotogr\u00e1fica do Rio Grande do Norte.<\/span><\/p><\/p>\t\n\t\t\t\t\t<\/div>\t\t\t\t\t\t\n\t\t\t\t\n\t\t\t\t\t\t\t\t\t<div class=\"wpr-promo-box-btn-wrap\">\n\t\t\t\t\t\t<a class=\"wpr-promo-box-btn\" href=\"https:\/\/uigglab.com.br\/fototeca\/historia-fototeca\/\">\n\n\t\t\t\t\t\t\t\t\t\t\t\t\t\t<span class=\"wpr-promo-box-btn-text\">Hist\u00f3ria da Fototeca<\/span>\t\t\n\t\t\t\t\t\t\t\n\t\t\t\t\t\t\t\t\t\t\t\t\t\t<span class=\"wpr-promo-box-btn-icon\">\n\t\t\t\t\t\t\t\t<i class=\"fas fa-arrow-right\"><\/i>\n\t\t\t\t\t\t\t<\/span>\n\t\t\t\t\t\t\t\t\t\t\t\t\t<\/a>\n\t\t\t\t\t<\/div>\t\n\t\t\t\t\t\t\t<\/div>\n\n\t\t\t\t\t<\/div>\n\n\t\t\t\t\t\t<\/div>\n\t\t\t\t<\/div>\n\t\t\t\t\t<\/div>\n\t\t\t\t<\/div>\n\t\t<div class=\"elementor-element elementor-element-760b729 e-flex e-con-boxed wpr-particle-no wpr-jarallax-no wpr-parallax-no wpr-sticky-section-no e-con e-parent\" data-id=\"760b729\" data-element_type=\"container\">\n\t\t\t\t\t<div class=\"e-con-inner\">\n\t\t<div class=\"elementor-element elementor-element-d603afd e-con-full e-flex wpr-particle-no wpr-jarallax-no wpr-parallax-no wpr-sticky-section-no e-con e-child\" data-id=\"d603afd\" data-element_type=\"container\">\n\t\t\t\t<div class=\"elementor-element elementor-element-c0f21ec elementor-invisible elementor-widget elementor-widget-heading\" data-id=\"c0f21ec\" data-element_type=\"widget\" data-settings=\"{&quot;_animation&quot;:&quot;fadeIn&quot;,&quot;_animation_delay&quot;:100}\" data-widget_type=\"heading.default\">\n\t\t\t\t<div class=\"elementor-widget-container\">\n\t\t\t\t\t<p class=\"elementor-heading-title elementor-size-default\">Conhe\u00e7a nossa equipe<\/p>\t\t\t\t<\/div>\n\t\t\t\t<\/div>\n\t\t\t\t<div class=\"elementor-element elementor-element-254d866 elementor-invisible elementor-widget elementor-widget-text-editor\" data-id=\"254d866\" data-element_type=\"widget\" data-settings=\"{&quot;_animation&quot;:&quot;fadeIn&quot;,&quot;_animation_delay&quot;:200}\" data-widget_type=\"text-editor.default\">\n\t\t\t\t<div class=\"elementor-widget-container\">\n\t\t\t\t\t\t\t\t\t<p><span style=\"font-weight: 400;\">Cada indiv\u00edduo contribui com seu conhecimento e experi\u00eancia para o desenvolvimento e a <br \/>execu\u00e7\u00e3o das atividades que visam salvaguardar e difundir o acervo hist\u00f3rico de nossa terra.<\/span><\/p>\t\t\t\t\t\t\t\t<\/div>\n\t\t\t\t<\/div>\n\t\t\t\t<div class=\"elementor-element elementor-element-7ebc109 elementor-widget-divider--view-line elementor-invisible elementor-widget elementor-widget-divider\" data-id=\"7ebc109\" data-element_type=\"widget\" data-settings=\"{&quot;_animation&quot;:&quot;fadeIn&quot;,&quot;_animation_delay&quot;:300}\" data-widget_type=\"divider.default\">\n\t\t\t\t<div class=\"elementor-widget-container\">\n\t\t\t\t\t\t\t<div class=\"elementor-divider\">\n\t\t\t<span class=\"elementor-divider-separator\">\n\t\t\t\t\t\t<\/span>\n\t\t<\/div>\n\t\t\t\t\t\t<\/div>\n\t\t\t\t<\/div>\n\t\t\t\t<\/div>\n\t\t\t\t\t<\/div>\n\t\t\t\t<\/div>\n\t\t<div class=\"elementor-element elementor-element-540abd4 e-flex e-con-boxed wpr-particle-no wpr-jarallax-no wpr-parallax-no wpr-sticky-section-no e-con e-parent\" data-id=\"540abd4\" data-element_type=\"container\">\n\t\t\t\t\t<div class=\"e-con-inner\">\n\t\t<div class=\"elementor-element elementor-element-b5a5893 e-con-full e-flex wpr-particle-no wpr-jarallax-no wpr-parallax-no wpr-sticky-section-no e-con e-child\" data-id=\"b5a5893\" data-element_type=\"container\">\n\t\t\t\t<div class=\"elementor-element elementor-element-1d9ce67 wpr-team-member-divider-center elementor-widget elementor-widget-wpr-team-member\" data-id=\"1d9ce67\" data-element_type=\"widget\" data-widget_type=\"wpr-team-member.default\">\n\t\t\t\t<div class=\"elementor-widget-container\">\n\t\t\t\t\t\n\t<div class=\"wpr-team-member\">\n\t\t\t\t\t\n\t\t\t<div class=\"wpr-member-media\">\n\t\t\t\t<div class=\"wpr-member-image\">\n\t\t\t\t\t<img decoding=\"async\" src=\"https:\/\/uigglab.com.br\/fototeca\/wp-content\/uploads\/2025\/07\/Design-sem-nome-1.png\" alt=\"Daniel Meirinho\">\n\t\t\t\t<\/div>\n\t\t\t\t\t\t\t<\/div>\n\t\t\t\t\n\t\t\n\t\t<div class=\"wpr-member-content\">\n\t\t\t<h3 class=\"wpr-member-name\">Daniel Meirinho<\/h3>\n\t\t\t\n\t\t\t\t\t\t\t<div class=\"wpr-member-job\"> Membro<\/div>\n\t\t\t\n\t\t\t\t\t\t\t<div class=\"wpr-member-divider\"><\/div>\n\t\t\t\n\t\t\t\t\t\t\t<div class=\"wpr-member-description\">Pesquisador PQ2-CNPq, Professor da UFRN e do PPgEM\/UFRN. Pesquisador visitante (2024-2025) na ECO\/UFRJ. Doutor e Mestre em Comunica\u00e7\u00e3o (FCSH\/UNL), com p\u00f3s-doutorado no PPGCOM-UERJ.<\/div>\n\t\t\t\t\t\t\n\t\t\t\t\t<\/div>\n\n\t\t\t<\/div>\n\n\t\t\t\t\t<\/div>\n\t\t\t\t<\/div>\n\t\t\t\t<\/div>\n\t\t<div class=\"elementor-element elementor-element-58623e7 e-con-full e-flex wpr-particle-no wpr-jarallax-no wpr-parallax-no wpr-sticky-section-no e-con e-child\" data-id=\"58623e7\" data-element_type=\"container\">\n\t\t\t\t<div class=\"elementor-element elementor-element-10d9139 wpr-team-member-divider-center elementor-widget elementor-widget-wpr-team-member\" data-id=\"10d9139\" data-element_type=\"widget\" data-widget_type=\"wpr-team-member.default\">\n\t\t\t\t<div class=\"elementor-widget-container\">\n\t\t\t\t\t\n\t<div class=\"wpr-team-member\">\n\t\t\t\t\t\n\t\t\t<div class=\"wpr-member-media\">\n\t\t\t\t<div class=\"wpr-member-image\">\n\t\t\t\t\t<img decoding=\"async\" src=\"https:\/\/uigglab.com.br\/fototeca\/wp-content\/uploads\/2025\/08\/henrique-fototeca.png\" alt=\"Henrique Fernandes\">\n\t\t\t\t<\/div>\n\t\t\t\t\t\t\t<\/div>\n\t\t\t\t\n\t\t\n\t\t<div class=\"wpr-member-content\">\n\t\t\t<h3 class=\"wpr-member-name\">Henrique Fernandes<\/h3>\n\t\t\t\n\t\t\t\t\t\t\t<div class=\"wpr-member-job\"> Membro<\/div>\n\t\t\t\n\t\t\t\t\t\t\t<div class=\"wpr-member-divider\"><\/div>\n\t\t\t\n\t\t\t\t\t\t\t<div class=\"wpr-member-description\">Henrique Jos\u00e9 \u00e9 Educador, Rep\u00f3rter Fotogr\u00e1fico, produtor e realizador Cultural e do audiovisual, artista visual, fot\u00f3grafo, diretor de fotografia, desenvolve projetos sociais na ONG ZooN.org.br e membro do Coletivo daFOTO!, Pontos de Cultura, membro da Rede de Produtores Culturais da Fotografia Brasileira. Graduado em Lazer e Qual. de Vida e Ensino de Artes Visuais; Mestre em Antropologia Social.<\/div>\n\t\t\t\t\t\t\n\t\t\t\t\t<\/div>\n\n\t\t\t<\/div>\n\n\t\t\t\t\t<\/div>\n\t\t\t\t<\/div>\n\t\t\t\t<\/div>\n\t\t<div class=\"elementor-element elementor-element-ded9549 e-con-full e-flex wpr-particle-no wpr-jarallax-no wpr-parallax-no wpr-sticky-section-no e-con e-child\" data-id=\"ded9549\" data-element_type=\"container\">\n\t\t\t\t<div class=\"elementor-element elementor-element-4045954 wpr-team-member-divider-center elementor-widget elementor-widget-wpr-team-member\" data-id=\"4045954\" data-element_type=\"widget\" data-widget_type=\"wpr-team-member.default\">\n\t\t\t\t<div class=\"elementor-widget-container\">\n\t\t\t\t\t\n\t<div class=\"wpr-team-member\">\n\t\t\t\t\t\n\t\t\t<div class=\"wpr-member-media\">\n\t\t\t\t<div class=\"wpr-member-image\">\n\t\t\t\t\t<img decoding=\"async\" src=\"https:\/\/uigglab.com.br\/fototeca\/wp-content\/uploads\/2025\/08\/cris-fototeca.png\" alt=\"Chris Ramirez\">\n\t\t\t\t<\/div>\n\t\t\t\t\t\t\t<\/div>\n\t\t\t\t\n\t\t\n\t\t<div class=\"wpr-member-content\">\n\t\t\t<h3 class=\"wpr-member-name\">Chris Ramirez<\/h3>\n\t\t\t\n\t\t\t\t\t\t\t<div class=\"wpr-member-job\"> Membro<\/div>\n\t\t\t\n\t\t\t\t\t\t\t<div class=\"wpr-member-divider\"><\/div>\n\t\t\t\n\t\t\t\t\t\t\t<div class=\"wpr-member-description\">Refer\u00eancia nacional em pol\u00edticas culturais e preserva\u00e7\u00e3o de acervos e  representa a Rede de Produtores Culturais de Fotografia no Brasil \u2013 RPCFB<\/div>\n\t\t\t\t\t\t\n\t\t\t\t\t<\/div>\n\n\t\t\t<\/div>\n\n\t\t\t\t\t<\/div>\n\t\t\t\t<\/div>\n\t\t\t\t<\/div>\n\t\t<div class=\"elementor-element elementor-element-51f3dd3 e-con-full e-flex wpr-particle-no wpr-jarallax-no wpr-parallax-no wpr-sticky-section-no e-con e-child\" data-id=\"51f3dd3\" data-element_type=\"container\">\n\t\t\t\t<div class=\"elementor-element elementor-element-da294d2 wpr-team-member-divider-center elementor-widget elementor-widget-wpr-team-member\" data-id=\"da294d2\" data-element_type=\"widget\" data-widget_type=\"wpr-team-member.default\">\n\t\t\t\t<div class=\"elementor-widget-container\">\n\t\t\t\t\t\n\t<div class=\"wpr-team-member\">\n\t\t\t\t\t\n\t\t\t<div class=\"wpr-member-media\">\n\t\t\t\t<div class=\"wpr-member-image\">\n\t\t\t\t\t<img decoding=\"async\" src=\"https:\/\/uigglab.com.br\/fototeca\/wp-content\/uploads\/2025\/08\/meysa-fotetca.png\" alt=\"Meysa Medeiros\">\n\t\t\t\t<\/div>\n\t\t\t\t\t\t\t<\/div>\n\t\t\t\t\n\t\t\n\t\t<div class=\"wpr-member-content\">\n\t\t\t<h3 class=\"wpr-member-name\">Meysa Medeiros<\/h3>\n\t\t\t\n\t\t\t\t\t\t\t<div class=\"wpr-member-job\"> Membro<\/div>\n\t\t\t\n\t\t\t\t\t\t\t<div class=\"wpr-member-divider\"><\/div>\n\t\t\t\n\t\t\t\t\t\t\t<div class=\"wpr-member-description\">Graduada em fotografia pela Universidade Potiguar, tem p\u00f3s gradua\u00e7\u00e3o em Produ\u00e7\u00e3o de Document\u00e1rios pela Universidade Federal do Rio Grande do Norte. Seu trabalho fotogr\u00e1fico documental tem foco em grupos minorit\u00e1rios como marisqueiras da Ponta do Tubar\u00e3o ( Macau\/RN), ribeirinhos, o jovem perif\u00e9rico denominado \u201cO Pinta Natalense\u201d e personagens da cultura popular como \u00e9 o caso dos brincantes do grupo carnavalesco Os C\u00e3o da Redinha. Foi fotojornalista nas ag\u00eancias Framephoto e Fotobrasilis. Tem atua\u00e7\u00e3o no campo do ensino, organiza\u00e7\u00e3o e j\u00fari de concursos fotogr\u00e1ficos. Membro dos Coletivos fotogr\u00e1ficos Fotografia Periferia e Memoria do RJ, Coletivo daFoto! Natal-RN e o Coletivo Feminino Militana. Seus trabalhos j\u00e1 foram apresentados em exposi\u00e7\u00f5es nacionais e internacionais. Fora isso atua na produ\u00e7\u00e3o cultural e tamb\u00e9m \u00e9 documentarista audiovisual.<\/div>\n\t\t\t\t\t\t\n\t\t\t\t\t<\/div>\n\n\t\t\t<\/div>\n\n\t\t\t\t\t<\/div>\n\t\t\t\t<\/div>\n\t\t\t\t<\/div>\n\t\t\t\t\t<\/div>\n\t\t\t\t<\/div>\n\t\t\t\t<\/div>\n\t\t","protected":false},"excerpt":{"rendered":"<p>Sobre A Fototeca Potiguar nasce do encontro entre mem\u00f3ria, arte e mobiliza\u00e7\u00e3o coletiva. Neste espa\u00e7o, voc\u00ea conhece a origem da iniciativa, os princ\u00edpios que orientam nossas a\u00e7\u00f5es e as pessoas, institui\u00e7\u00f5es e hist\u00f3rias que v\u00eam construindo, dia ap\u00f3s dia, essa jornada de cuidado com a fotografia no Rio Grande do Norte. Aqui, apresentamos o que nos move, como atuamos e por que acreditamos que preservar imagens \u00e9 tamb\u00e9m preservar hist\u00f3rias, identidades e afetos. Itens Mapeados + 0 Participantes + 0 Parcerias + 0 MISS\u00c3O Mapear, preservar e promover os acervos e protagonistas da fotografia potiguar, fortalecendo a mem\u00f3ria visual do Rio Grande do Norte e conectando saberes, territ\u00f3rios e iniciativas por meio de a\u00e7\u00f5es colaborativas, educativas e acess\u00edveis. VIS\u00c3O Ser refer\u00eancia na preserva\u00e7\u00e3o, valoriza\u00e7\u00e3o e difus\u00e3o da mem\u00f3ria fotogr\u00e1fica potiguar, contribuindo para o fortalecimento da identidade cultural do RN e inspirando pol\u00edticas p\u00fablicas e projetos de cuidado com acervos em todo o estado. VALORES &#8211; Preserva\u00e7\u00e3o da mem\u00f3ria &#8211; Acesso democr\u00e1tico \u00e0 cultura &#8211; Colabora\u00e7\u00e3o em rede &#8211; Valoriza\u00e7\u00e3o da cultura local &#8211; Transpar\u00eancia e participa\u00e7\u00e3o &#8211; Educa\u00e7\u00e3o e sensibiliza\u00e7\u00e3o Sobre o Mapeamento ,Mapear \u00e9 preservar, conectar e fortalecer a fotografia potiguar Mapear \u00e9 preservar, conectar e fortalecer a fotografia potiguar. Nosso mapeamento busca identificar acervos fotogr\u00e1ficos em todo o estado, compreendendo suas condi\u00e7\u00f5es de preserva\u00e7\u00e3o, formas de fomento e apoios \u2014 p\u00fablicos ou privados. Esse levantamento \u00e9 essencial para: Construir pol\u00edticas p\u00fablicas eficazes; Apoiar a implanta\u00e7\u00e3o da Fototeca Potiguar, institu\u00edda pela Lei n\u00ba 11.619\/2023; Fortalecer redes, institui\u00e7\u00f5es e protagonistas da fotografia no RN. Sua participa\u00e7\u00e3o \u00e9 essencial! Contribua com o mapeamento e ajude a salvaguardar a hist\u00f3ria visual do Rio Grande do Norte. Seja parte ativa da cria\u00e7\u00e3o, constru\u00e7\u00e3o e sustentabilidade da Fototeca Potiguar. Saiba Mais Fototeca Potiguar &#8211; pessoas, hist\u00f3rias e prop\u00f3sito Conhe\u00e7a a jornada da Fototeca Potiguar. Descubra como essa iniciativa nasceu, as fases de seu desenvolvimento e as pessoas e institui\u00e7\u00f5es que foram fundamentais em sua trajet\u00f3ria para preservar e valorizar a mem\u00f3ria fotogr\u00e1fica do Rio Grande do Norte. Hist\u00f3ria da Fototeca Conhe\u00e7a nossa equipe Cada indiv\u00edduo contribui com seu conhecimento e experi\u00eancia para o desenvolvimento e a execu\u00e7\u00e3o das atividades que visam salvaguardar e difundir o acervo hist\u00f3rico de nossa terra. Daniel Meirinho Membro Pesquisador PQ2-CNPq, Professor da UFRN e do PPgEM\/UFRN. Pesquisador visitante (2024-2025) na ECO\/UFRJ. Doutor e Mestre em Comunica\u00e7\u00e3o (FCSH\/UNL), com p\u00f3s-doutorado no PPGCOM-UERJ. Henrique Fernandes Membro Henrique Jos\u00e9 \u00e9 Educador, Rep\u00f3rter Fotogr\u00e1fico, produtor e realizador Cultural e do audiovisual, artista visual, fot\u00f3grafo, diretor de fotografia, desenvolve projetos sociais na ONG ZooN.org.br e membro do Coletivo daFOTO!, Pontos de Cultura, membro da Rede de Produtores Culturais da Fotografia Brasileira. Graduado em Lazer e Qual. de Vida e Ensino de Artes Visuais; Mestre em Antropologia Social. Chris Ramirez Membro Refer\u00eancia nacional em pol\u00edticas culturais e preserva\u00e7\u00e3o de acervos e representa a Rede de Produtores Culturais de Fotografia no Brasil \u2013 RPCFB Meysa Medeiros Membro Graduada em fotografia pela Universidade Potiguar, tem p\u00f3s gradua\u00e7\u00e3o em Produ\u00e7\u00e3o de Document\u00e1rios pela Universidade Federal do Rio Grande do Norte. Seu trabalho fotogr\u00e1fico documental tem foco em grupos minorit\u00e1rios como marisqueiras da Ponta do Tubar\u00e3o ( Macau\/RN), ribeirinhos, o jovem perif\u00e9rico denominado \u201cO Pinta Natalense\u201d e personagens da cultura popular como \u00e9 o caso dos brincantes do grupo carnavalesco Os C\u00e3o da Redinha. Foi fotojornalista nas ag\u00eancias Framephoto e Fotobrasilis. Tem atua\u00e7\u00e3o no campo do ensino, organiza\u00e7\u00e3o e j\u00fari de concursos fotogr\u00e1ficos. Membro dos Coletivos fotogr\u00e1ficos Fotografia Periferia e Memoria do RJ, Coletivo daFoto! Natal-RN e o Coletivo Feminino Militana. Seus trabalhos j\u00e1 foram apresentados em exposi\u00e7\u00f5es nacionais e internacionais. Fora isso atua na produ\u00e7\u00e3o cultural e tamb\u00e9m \u00e9 documentarista audiovisual.<\/p>\n","protected":false},"author":1,"featured_media":0,"parent":0,"menu_order":0,"comment_status":"closed","ping_status":"closed","template":"elementor_canvas","meta":{"footnotes":""},"class_list":["post-7","page","type-page","status-publish","hentry"],"_links":{"self":[{"href":"https:\/\/uigglab.com.br\/fototeca\/wp-json\/wp\/v2\/pages\/7","targetHints":{"allow":["GET"]}}],"collection":[{"href":"https:\/\/uigglab.com.br\/fototeca\/wp-json\/wp\/v2\/pages"}],"about":[{"href":"https:\/\/uigglab.com.br\/fototeca\/wp-json\/wp\/v2\/types\/page"}],"author":[{"embeddable":true,"href":"https:\/\/uigglab.com.br\/fototeca\/wp-json\/wp\/v2\/users\/1"}],"replies":[{"embeddable":true,"href":"https:\/\/uigglab.com.br\/fototeca\/wp-json\/wp\/v2\/comments?post=7"}],"version-history":[{"count":127,"href":"https:\/\/uigglab.com.br\/fototeca\/wp-json\/wp\/v2\/pages\/7\/revisions"}],"predecessor-version":[{"id":2755,"href":"https:\/\/uigglab.com.br\/fototeca\/wp-json\/wp\/v2\/pages\/7\/revisions\/2755"}],"wp:attachment":[{"href":"https:\/\/uigglab.com.br\/fototeca\/wp-json\/wp\/v2\/media?parent=7"}],"curies":[{"name":"wp","href":"https:\/\/api.w.org\/{rel}","templated":true}]}}